{"id":102,"date":"2024-10-28T09:57:28","date_gmt":"2024-10-28T07:57:28","guid":{"rendered":"https:\/\/circolodicultura.ch\/?page_id=102"},"modified":"2025-12-02T15:43:33","modified_gmt":"2025-12-02T14:43:33","slug":"circolo","status":"publish","type":"page","link":"https:\/\/circolodicultura.ch\/index.php\/circolo\/","title":{"rendered":"Circolo"},"content":{"rendered":"\n<p>Il Circolo di cultura di Mendrisio e dintorni viene fondato la sera di marted\u00ec 22 novembre 1938 e suscita subito interesse fra la popolazione, tanto che poche settimane dopo i soci sono circa un centinaio. Il 9 dicembre 1938 ha luogo la prima manifestazione, con un relatore illustre: Francesco Chiesa che, davanti a un pubblico numeroso, parla di&nbsp;Uomini e donne del Canton Ticino.<\/p>\n\n\n\n<p>Fino ai primi anni Sessanta nel Mendrisiotto non ci sono associazioni culturali di rilievo e il Circolo supplisce alla lacuna con un programma ambizioso: accanto alle conferenze organizza concerti di pianoforte e mostre d\u2019arte. Vorrebbe anche aprire una \u201csala di pubblica lettura\u201d e difatti acquista circa cinquecento libri, oggi presenti nella Biblioteca cantonale di Mendrisio.<\/p>\n\n\n\n<p>Gi\u00e0 dai suoi inizi il Circolo propone in media una quindicina di manifestazioni per stagione, e accanto a relatori locali di valore chiama ospiti illustri dall\u2019Italia. Qualche nome? Giuseppe Ungaretti che tiene alcune conferenze su Leopardi, il poeta Diego Valeri che parla della pittura veneta e il romanziere Antonio Baldini, celebre un tempo e oggi dimenticato, che commenta le sue opere maggiori.<\/p>\n\n\n\n<p>A partire dagli anni Sessanta la vita culturale della regione si anima: nascono diverse associazioni culturali, anche settoriali, come Musica nel Mendrisiotto, si aprono gallerie d\u2019arte (notevole, per continuit\u00e0, \u00e8 la Mosaico di Chiasso) e musei (Mendrisio ne ha uno dal 1982). Il circolo tiene conto della nuova realt\u00e0, rinunciando ai concerti e alle mostre d\u2019arte, per concentrarsi sulle conferenze, le visite guidate e le gite culturali.<\/p>\n\n\n\n<p>Negli anni recenti poi cambia anche l\u2019impostazione dei suoi programmi: alle manifestazioni isolate vengono affiancati dei cicli che trattano a fondo un tema, dedicandogli tre o quattro appuntamenti. Quanto alle discipline coinvolte, tenendo conto delle preferenze dei soci primeggiano le arti figurative, ma trovano spazio anche la storia, l\u2019archeologia, la letteratura e le materie scientifiche, un tempo forse un po\u2019 troppo trascurate dalle associazioni culturali. Inoltre, senza cadere nel localismo, \u00e8 sempre notevole l\u2019attenzione dedicata alla realt\u00e0 della Svizzera italiana. Proprio per questo il Circolo visita con assiduit\u00e0 i musei del Mendrisiotto e con una certa frequenza anche quelli del resto del Cantone.<\/p>\n\n\n\n<p>Oggi il Circolo pu\u00f2 essere considerato un\u2019associazione florida e dinamica, un riconosciuto punto di riferimento nel panorama culturale cantonale: conta ben settecento soci e per ogni stagione mette in programma almeno venti manifestazioni di vario genere (conferenze, dibattiti di attualit\u00e0, visite guidate e gite culturali di pi\u00f9 giorni) che richiamano buon pubblico.<\/p>\n\n\n\n<hr class=\"wp-block-separator has-alpha-channel-opacity\"\/>\n\n\n\n<h2 class=\"wp-block-heading\" id=\"info\">Informazioni generali<\/h2>\n\n\n\n<h3 class=\"wp-block-heading\">Tassa sociale<\/h3>\n\n\n\n<p>CHF 20.\u2013 (studenti e AVS CHF 10.\u2013); soci sostenitori: da CHF 50.\u2013&nbsp;<br>da pagare a ccp 69-4359-5 Circolo di Cultura 6850 Mendrisio preferibilmente online<\/p>\n\n\n\n<h3 class=\"wp-block-heading\">Iscrizioni<\/h3>\n\n\n\n<p>Le iscrizioni, alle visite guidate e alle gite, fatte via e-mail non sono valide. Si prega di scaricare il tagliando d\u2019iscrizione (formato pdf) allegato al programma e di spedirlo debitamente compilato all\u2019indirizzo del Circolo. Grazie!<\/p>\n\n\n\n<hr class=\"wp-block-separator has-alpha-channel-opacity\"\/>\n\n\n\n<h2 class=\"wp-block-heading\" id=\"comitato\">Comitato<\/h2>\n\n\n\n<p>Lara Calderari <em>Presidente<\/em><br>Flavio Medici <em>Vice presidente<\/em><br>Marianne Germano <em>Segretaria<\/em><br>Giampaolo Baragiola <em>Membro<\/em><br>Anastasia Gilardi <em>Membro<\/em><br>Mario Speroni <em>Membro<\/em><br>Rolando Sch\u00e4rer <em>Membro<\/em><br>Cristina Brazzola <em>Membro<\/em> <br>Marina Bernasconi Reusser <em>Membro<\/em> <br>Ilaria Verga <em>Membro<\/em><\/p>\n\n\n\n<p><\/p>\n\n\n\n<hr class=\"wp-block-separator has-alpha-channel-opacity\"\/>\n\n\n\n<blockquote class=\"wp-block-quote is-layout-flow wp-block-quote-is-layout-flow\">\n<h2 class=\"wp-block-heading\" id=\"dicono\"><br>Dicono di noi<\/h2>\n\n\n\n<p><\/p>\n\n\n\n<p><\/p>\n<\/blockquote>\n\n\n\n<div style=\"height:43px\" aria-hidden=\"true\" class=\"wp-block-spacer\"><\/div>\n\n\n\n<hr class=\"wp-block-separator has-alpha-channel-opacity\"\/>\n\n\n\n<h2 class=\"wp-block-heading\" id=\"statuti\">Statuti<\/h2>\n\n\n\n<p>Denominazione e sede<\/p>\n\n\n\n<p>Art. 1<br>Con la denominazione Circolo di cultura di Mendrisio e dintorni \u00e8 costituita un\u2019associazione ai sensi degli art. 60 e ss. del Codice Civile Svizzero. Il Circolo ha la propria sede a Mendrisio.<\/p>\n\n\n\n<p>Scopo del Circolo<\/p>\n\n\n\n<p>Art. 2<br>Il Circolo promuove attivit\u00e0 culturali nel Mendrisiotto, in proprio e\/o in collaborazione con altri enti pubblici o privati. A tale scopo organizza pubbliche manifestazioni, incoraggia la diffusione di studi e ricerche, privilegiando in particolare la conoscenza della regione.&nbsp;<\/p>\n\n\n\n<p>Soci<\/p>\n\n\n\n<p>Art. 3<br>Il Circolo si compone di due categorie di soci: a) soci attivi, b) soci onorari.&nbsp;<\/p>\n\n\n\n<p>Art. 4<br>Possono divenire soci attivi tutte le persone interessate agli scopi e all\u2019attivit\u00e0 del Circolo.<\/p>\n\n\n\n<p>Art. 5<br>Sono soci onorari le persone designate dall\u2019assemblea, su proposta del Comitato, che si rendono benemerite mediante un particolare impegno a favore degli scopi del Circolo o un\u2019attivit\u00e0 culturale qualificata.&nbsp;<\/p>\n\n\n\n<p>Art. 6<br>La domanda d\u2019ammissione deve essere presentata al Comitato, il quale solo \u00e8 competente a decidere. Al momento dell\u2019ammissione il socio riceve una copia degli statuti.&nbsp;<\/p>\n\n\n\n<p>Art. 7<br>Ogni socio ha il diritto di dimettersi dal Circolo, purch\u00e9 la dimissione sia annunciata almeno sei mesi prima della fine dell\u2019anno solare e previo versamento dei contributi sociali arretrati e\/o in corso.&nbsp;<\/p>\n\n\n\n<p>Art. 8<br>Il Comitato ha la facolt\u00e0 di decretare l\u2019esclusione di un socio per mancato pagamento dei contributi sociali, nonch\u00e9 per condotta contrastante coi fini del Circolo.&nbsp;<\/p>\n\n\n\n<p>Art. 9<br>Ogni socio attivo \u00e8 tenuto a pagare un contributo annuale, il cui ammontare \u00e8 stabilito dall\u2019assemblea su proposta del Comitato.&nbsp;<\/p>\n\n\n\n<p>Organi del circolo<\/p>\n\n\n\n<p>Art. 10<br>Gli organi del Circolo sono:<br>&nbsp;&nbsp;&nbsp; \u2013 l\u2019assemblea generale,<br>&nbsp;&nbsp;&nbsp; \u2013 il Comitato,<br>&nbsp;&nbsp;&nbsp; \u2013 la commissione di revisione dei conti.<\/p>\n\n\n\n<p>a) L\u2019assemblea generale&nbsp;<\/p>\n\n\n\n<p>Art. 11&nbsp;<br>L\u2019assemblea generale \u00e8 l\u2019organo superiore del Circolo. Essa si riunisce ordinariamente una volta all\u2019anno. Tutti i soci (attivi e onorari) sono convocati per iscritto mediante avviso personale almeno otto giorni prima e tutti hanno diritto di voto.&nbsp;<\/p>\n\n\n\n<p>Art. 12<br>L\u2019assemblea \u00e8 validamente costituita qualunque sia il numero dei presenti e decide a maggioranza assoluta dei soci presenti, fatta eccezione per quanto stabilito agli art. 17 e 18. Le votazioni avvengono per alzata di mano, salvo l\u2019opposizione di almeno un decimo dei soci presenti.&nbsp;<\/p>\n\n\n\n<p>Art. 13&nbsp;<br>E facolt\u00e0 del Comitato di convocare i soci in assemblea straordinaria ogni qualvolta lo ritenga necessario o qualora almeno un decimo dei soci attivi ne faccia richiesta motivata per iscritto. Il rispettivo avviso di convocazione sar\u00e0 trasmesso ai soci otto giorni prima della data prevista e dovr\u00e0 contenere l\u2019indicazione dell\u2019ordine del giorno da esaminare.&nbsp;<\/p>\n\n\n\n<p>Art. 14&nbsp;<br>Sono di competenza esclusiva dell\u2019assemblea: \u2013 l\u2019approvazione dello statuto sociale e la sua revisione \u2013 la nomina degli organi statutari (presidente, Comitato, commissione di revisione dei conti) \u2013 l\u2019approvazione dei conti annuali \u2013 la determinazione del contributo sociale \u2013 la nomina dei soci onorari \u2013 lo scioglimento del Circolo.&nbsp;<\/p>\n\n\n\n<p>Art. 15&nbsp;<br>L\u2019assemblea non pu\u00f2 prendere decisioni su argomenti o temi che non figurano all\u2019ordine del giorno, tranne che nel caso di urgenza votata dalla maggioranza dei due terzi dei presenti.&nbsp;<\/p>\n\n\n\n<p>Art. 16&nbsp;<br>Il diritto di voto \u00e8 limitato ai soci presenti. Non \u00e8 ammessa la delega.&nbsp;<\/p>\n\n\n\n<p>Art. 17<br>Per la revisione del presente statuto occorre la maggioranza qualificata dei due terzi dei soci presenti all\u2019assemblea. L\u2019assemblea potr\u00e0 procedete a una revisione dello statuto soltanto se questa trattanda figura all\u2019ordine del giorno.&nbsp;<\/p>\n\n\n\n<p>Art. 18&nbsp;<br>L\u2019assemblea pu\u00f2 decidere lo scioglimento della societ\u00e0 a maggioranza qualificata dei quattro quinti dei presenti, ritenuta una presenza minima di almeno il 20% dei soci, sempre che questa trattanda figuri all\u2019ordine del giorno.&nbsp;<\/p>\n\n\n\n<p>b) Il comitato direttivo&nbsp;<\/p>\n\n\n\n<p>Art. 19&nbsp;<br>L\u2019assemblea generale ordinaria nomina il Comitato. composto da 9 a 15 membri. I membri del Comitato sono scelti fra i soci attivi e comprendono il presidente, nominato dall\u2019assemblea, e un vicepresidente, nominato dal Comitato stesso. In ogni caso il presidente dovr\u00e0 essere domiciliato nel Mendrisiotto.&nbsp;<\/p>\n\n\n\n<p>Art. 20<br>Il Comitato ha il diritto e il dovere di curare gli interessi del Circolo, dirigendone l\u2019attivit\u00e0 e assumendo tutte le iniziative che consentono di attuare nella misura massima possibile lo scopo sociale.&nbsp;<\/p>\n\n\n\n<p>Art. 21<br>Il presidente rappresenta il Circolo, sorveglia e dirige l\u2019amministrazione, presiede le riunioni, firma gli atti sociali in unione al segretario o al cassiere e veglia in genere sul buon andamento del Circolo. Il suo voto \u00e8 decisivo in caso di parit\u00e0.&nbsp;<\/p>\n\n\n\n<p>Art. 22<br>Il vicepresidente fa le veci del presidente durante la sua assenza e lo aiuta nell\u2019adempimento delle sue mansioni.&nbsp;<\/p>\n\n\n\n<p>Art. 23<br>Il Comitato pu\u00f2 scegliere nel suo ambito o anche all\u2019infuori una persona chiamata a svolgere le funzioni di cassiere. Questi cura l\u2019esazione dei contributi sociali, esegue i pagamenti su incarico del presidente e del segretario, tiene regolare registrazione di tutto il movimento finanziario del Circolo. Alla chiusura della gestione annuale il cassiere presenta un resoconto amministrativo e la situazione patrimoniale.&nbsp;<\/p>\n\n\n\n<p>Art. 24<br>Il segretario \u00e8 scelto dal Comitato al suo interno. Esegue i compiti affidatigli dal presidente e dal Comitato.&nbsp;<\/p>\n\n\n\n<p>Art. 25<br>Il Comitato pu\u00f2 designare delle commissioni speciali.&nbsp;<\/p>\n\n\n\n<p>Art. 26<br>Il Comitato si riunisce su invito del presidente o a richiesta di un terzo dei membri del Comitato stesso. Non potr\u00e0 validamente deliberare se non \u00e8 presente almeno la met\u00e0 pi\u00f9 uno dei suoi membri. Il Comitato ha tutti i compiti che questo statuto non riserva esclusivamente all\u2019assemblea.&nbsp;<\/p>\n\n\n\n<p>c) La commissione di revisione dei conti&nbsp;<\/p>\n\n\n\n<p>Art. 27<br>La commissione di revisione dei conti, nominata dall\u2019assemblea, si compone di due revisori e di un supplente. Essa controlla i conti del Circolo e rassegna annualmente un rapporto scritto all\u2019assemblea.&nbsp;<\/p>\n\n\n\n<p>Disposizioni finali<\/p>\n\n\n\n<p>Art. 28<br>Tutte le nomine sociali sono fatte per un periodo annuale. Le persone designate dall\u2019assemblea a ricoprire una carica in seno al Comitato o alla commissione di revisione dei conti sono sempre rieleggibili.&nbsp;<\/p>\n\n\n\n<p>Art. 29<br>In caso di vacanza di un membro del Comitato o della commissione di revisione dei conti, le nomine di sostituzione si faranno per il periodo mancante al compimento dell\u2019anno.&nbsp;<\/p>\n\n\n\n<p>Art. 30&nbsp;<br>La chiusura dei conti ha luogo alla fine dell\u2019attivit\u00e0 annuale del Circolo. Il Comitato \u00e8 tenuto a presentare all\u2019assemblea il conto d\u2019esercizio, con la registrazione delle entrate e delle uscite dell\u2019anno e il bilancio patrimoniale.&nbsp;<\/p>\n\n\n\n<p>Art. 31<br>Il Circolo \u00e8 vincolato dalla firma congiunta del presidente o vicepresidente e del segretario o del cassiere.&nbsp;<\/p>\n\n\n\n<p>Art. 32&nbsp;<br>Il patrimonio sociale \u00e8 inalienabile e non potr\u00e0 essere ripartito fra i soci. In caso di scioglimento del Circolo, esso passer\u00e0 a un ente culturale con scopi affini a quelli del Circolo, designato dall\u2019assemblea. Il solo patrimonio sociale risponde degli impegni del Circolo. E\u2019 pertanto esclusa la responsabilit\u00e0 personale dei singoli soci.&nbsp;<\/p>\n\n\n\n<p>Art. 33<br>Per tutto quanto non \u00e8 espressamente previsto nel presente statuto si richiamano le disposizioni del Codice Civile Svizzero sulle associazioni (art. 60 e ss).&nbsp;<\/p>\n\n\n\n<p>Art. 34<br>Il presente statuto, approvato dall\u2019assemblea dei soci del 19 settembre 1989 entra immediatamente in vigore. Esso annulla e sostituisce quello del 1\u00ba marzo 1939.<\/p>\n\n\n","protected":false},"excerpt":{"rendered":"<p>Il Circolo di cultura di Mendrisio e dintorni viene fondato la sera di marted\u00ec 22 novembre 1938 e suscita subito interesse fra la popolazione, tanto che poche settimane dopo i&hellip;&nbsp;<a href=\"https:\/\/circolodicultura.ch\/index.php\/circolo\/\" rel=\"bookmark\">Leggi tutto &raquo;<span class=\"screen-reader-text\">Circolo<\/span><\/a><\/p>\n","protected":false},"author":2,"featured_media":0,"parent":0,"menu_order":1,"comment_status":"closed","ping_status":"closed","template":"","meta":{"inline_featured_image":false,"_uag_custom_page_level_css":"","neve_meta_sidebar":"","neve_meta_container":"","neve_meta_enable_content_width":"","neve_meta_content_width":0,"neve_meta_title_alignment":"","neve_meta_author_avatar":"","neve_post_elements_order":"","neve_meta_disable_header":"","neve_meta_disable_footer":"","neve_meta_disable_title":"","_EventAllDay":false,"_EventTimezone":"","_EventStartDate":"","_EventEndDate":"","_EventStartDateUTC":"","_EventEndDateUTC":"","_EventShowMap":false,"_EventShowMapLink":false,"_EventURL":"","_EventCost":"","_EventCostDescription":"","_EventCurrencySymbol":"","_EventCurrencyCode":"","_EventCurrencyPosition":"","_EventDateTimeSeparator":"","_EventTimeRangeSeparator":"","_EventOrganizerID":[],"_EventVenueID":[],"_OrganizerEmail":"","_OrganizerPhone":"","_OrganizerWebsite":"","_VenueAddress":"","_VenueCity":"","_VenueCountry":"","_VenueProvince":"","_VenueState":"","_VenueZip":"","_VenuePhone":"","_VenueURL":"","_VenueStateProvince":"","_VenueLat":"","_VenueLng":"","_VenueShowMap":false,"_VenueShowMapLink":false,"footnotes":""},"class_list":["post-102","page","type-page","status-publish","hentry"],"yoast_head":"<!-- This site is optimized with the Yoast SEO plugin v27.4 - https:\/\/yoast.com\/product\/yoast-seo-wordpress\/ -->\n<title>Circolo - Circolo di Cultura di Mendrisio e dintorni<\/title>\n<meta name=\"robots\" content=\"index, follow, max-snippet:-1, max-image-preview:large, max-video-preview:-1\" \/>\n<link rel=\"canonical\" href=\"https:\/\/circolodicultura.ch\/index.php\/circolo\/\" \/>\n<meta property=\"og:locale\" content=\"it_IT\" \/>\n<meta property=\"og:type\" content=\"article\" \/>\n<meta property=\"og:title\" content=\"Circolo - Circolo di Cultura di Mendrisio e dintorni\" \/>\n<meta property=\"og:description\" content=\"Il Circolo di cultura di Mendrisio e dintorni viene fondato la sera di marted\u00ec 22 novembre 1938 e suscita subito interesse fra la popolazione, tanto che poche settimane dopo i&hellip;&nbsp;Leggi tutto &raquo;Circolo\" \/>\n<meta property=\"og:url\" content=\"https:\/\/circolodicultura.ch\/index.php\/circolo\/\" \/>\n<meta property=\"og:site_name\" content=\"Circolo di Cultura di Mendrisio e dintorni\" \/>\n<meta property=\"article:modified_time\" content=\"2025-12-02T14:43:33+00:00\" \/>\n<meta name=\"twitter:card\" content=\"summary_large_image\" \/>\n<meta name=\"twitter:label1\" content=\"Tempo di lettura stimato\" \/>\n\t<meta name=\"twitter:data1\" content=\"9 minuti\" \/>\n<script type=\"application\/ld+json\" class=\"yoast-schema-graph\">{\"@context\":\"https:\\\/\\\/schema.org\",\"@graph\":[{\"@type\":\"WebPage\",\"@id\":\"https:\\\/\\\/circolodicultura.ch\\\/index.php\\\/circolo\\\/\",\"url\":\"https:\\\/\\\/circolodicultura.ch\\\/index.php\\\/circolo\\\/\",\"name\":\"Circolo - Circolo di Cultura di Mendrisio e dintorni\",\"isPartOf\":{\"@id\":\"https:\\\/\\\/circolodicultura.ch\\\/#website\"},\"datePublished\":\"2024-10-28T07:57:28+00:00\",\"dateModified\":\"2025-12-02T14:43:33+00:00\",\"breadcrumb\":{\"@id\":\"https:\\\/\\\/circolodicultura.ch\\\/index.php\\\/circolo\\\/#breadcrumb\"},\"inLanguage\":\"it-IT\",\"potentialAction\":[{\"@type\":\"ReadAction\",\"target\":[\"https:\\\/\\\/circolodicultura.ch\\\/index.php\\\/circolo\\\/\"]}]},{\"@type\":\"BreadcrumbList\",\"@id\":\"https:\\\/\\\/circolodicultura.ch\\\/index.php\\\/circolo\\\/#breadcrumb\",\"itemListElement\":[{\"@type\":\"ListItem\",\"position\":1,\"name\":\"Home\",\"item\":\"https:\\\/\\\/circolodicultura.ch\\\/\"},{\"@type\":\"ListItem\",\"position\":2,\"name\":\"Circolo\"}]},{\"@type\":\"WebSite\",\"@id\":\"https:\\\/\\\/circolodicultura.ch\\\/#website\",\"url\":\"https:\\\/\\\/circolodicultura.ch\\\/\",\"name\":\"Circolo di Cultura di Mendrisio e dintorni\",\"description\":\"circolodicultura.ch\",\"publisher\":{\"@id\":\"https:\\\/\\\/circolodicultura.ch\\\/#organization\"},\"potentialAction\":[{\"@type\":\"SearchAction\",\"target\":{\"@type\":\"EntryPoint\",\"urlTemplate\":\"https:\\\/\\\/circolodicultura.ch\\\/?s={search_term_string}\"},\"query-input\":{\"@type\":\"PropertyValueSpecification\",\"valueRequired\":true,\"valueName\":\"search_term_string\"}}],\"inLanguage\":\"it-IT\"},{\"@type\":\"Organization\",\"@id\":\"https:\\\/\\\/circolodicultura.ch\\\/#organization\",\"name\":\"Circolo di Cultura di Mendrisio e dintorni\",\"url\":\"https:\\\/\\\/circolodicultura.ch\\\/\",\"logo\":{\"@type\":\"ImageObject\",\"inLanguage\":\"it-IT\",\"@id\":\"https:\\\/\\\/circolodicultura.ch\\\/#\\\/schema\\\/logo\\\/image\\\/\",\"url\":\"https:\\\/\\\/circolodicultura.ch\\\/wp-content\\\/uploads\\\/2024\\\/10\\\/cropped-favicon.png\",\"contentUrl\":\"https:\\\/\\\/circolodicultura.ch\\\/wp-content\\\/uploads\\\/2024\\\/10\\\/cropped-favicon.png\",\"width\":512,\"height\":512,\"caption\":\"Circolo di Cultura di Mendrisio e dintorni\"},\"image\":{\"@id\":\"https:\\\/\\\/circolodicultura.ch\\\/#\\\/schema\\\/logo\\\/image\\\/\"}}]}<\/script>\n<!-- \/ Yoast SEO plugin. -->","yoast_head_json":{"title":"Circolo - Circolo di Cultura di Mendrisio e dintorni","robots":{"index":"index","follow":"follow","max-snippet":"max-snippet:-1","max-image-preview":"max-image-preview:large","max-video-preview":"max-video-preview:-1"},"canonical":"https:\/\/circolodicultura.ch\/index.php\/circolo\/","og_locale":"it_IT","og_type":"article","og_title":"Circolo - Circolo di Cultura di Mendrisio e dintorni","og_description":"Il Circolo di cultura di Mendrisio e dintorni viene fondato la sera di marted\u00ec 22 novembre 1938 e suscita subito interesse fra la popolazione, tanto che poche settimane dopo i&hellip;&nbsp;Leggi tutto &raquo;Circolo","og_url":"https:\/\/circolodicultura.ch\/index.php\/circolo\/","og_site_name":"Circolo di Cultura di Mendrisio e dintorni","article_modified_time":"2025-12-02T14:43:33+00:00","twitter_card":"summary_large_image","twitter_misc":{"Tempo di lettura stimato":"9 minuti"},"schema":{"@context":"https:\/\/schema.org","@graph":[{"@type":"WebPage","@id":"https:\/\/circolodicultura.ch\/index.php\/circolo\/","url":"https:\/\/circolodicultura.ch\/index.php\/circolo\/","name":"Circolo - Circolo di Cultura di Mendrisio e dintorni","isPartOf":{"@id":"https:\/\/circolodicultura.ch\/#website"},"datePublished":"2024-10-28T07:57:28+00:00","dateModified":"2025-12-02T14:43:33+00:00","breadcrumb":{"@id":"https:\/\/circolodicultura.ch\/index.php\/circolo\/#breadcrumb"},"inLanguage":"it-IT","potentialAction":[{"@type":"ReadAction","target":["https:\/\/circolodicultura.ch\/index.php\/circolo\/"]}]},{"@type":"BreadcrumbList","@id":"https:\/\/circolodicultura.ch\/index.php\/circolo\/#breadcrumb","itemListElement":[{"@type":"ListItem","position":1,"name":"Home","item":"https:\/\/circolodicultura.ch\/"},{"@type":"ListItem","position":2,"name":"Circolo"}]},{"@type":"WebSite","@id":"https:\/\/circolodicultura.ch\/#website","url":"https:\/\/circolodicultura.ch\/","name":"Circolo di Cultura di Mendrisio e dintorni","description":"circolodicultura.ch","publisher":{"@id":"https:\/\/circolodicultura.ch\/#organization"},"potentialAction":[{"@type":"SearchAction","target":{"@type":"EntryPoint","urlTemplate":"https:\/\/circolodicultura.ch\/?s={search_term_string}"},"query-input":{"@type":"PropertyValueSpecification","valueRequired":true,"valueName":"search_term_string"}}],"inLanguage":"it-IT"},{"@type":"Organization","@id":"https:\/\/circolodicultura.ch\/#organization","name":"Circolo di Cultura di Mendrisio e dintorni","url":"https:\/\/circolodicultura.ch\/","logo":{"@type":"ImageObject","inLanguage":"it-IT","@id":"https:\/\/circolodicultura.ch\/#\/schema\/logo\/image\/","url":"https:\/\/circolodicultura.ch\/wp-content\/uploads\/2024\/10\/cropped-favicon.png","contentUrl":"https:\/\/circolodicultura.ch\/wp-content\/uploads\/2024\/10\/cropped-favicon.png","width":512,"height":512,"caption":"Circolo di Cultura di Mendrisio e dintorni"},"image":{"@id":"https:\/\/circolodicultura.ch\/#\/schema\/logo\/image\/"}}]}},"uagb_featured_image_src":{"full":false,"thumbnail":false,"medium":false,"medium_large":false,"large":false,"1536x1536":false,"2048x2048":false,"neve-blog":false},"uagb_author_info":{"display_name":"Silvia Marcellini","author_link":"https:\/\/circolodicultura.ch\/index.php\/author\/silviadb\/"},"uagb_comment_info":0,"uagb_excerpt":"Il Circolo di cultura di Mendrisio e dintorni viene fondato la sera di marted\u00ec 22 novembre 1938 e suscita subito interesse fra la popolazione, tanto che poche settimane dopo i&hellip;&nbsp;Leggi tutto &raquo;Circolo","jetpack_sharing_enabled":true,"_links":{"self":[{"href":"https:\/\/circolodicultura.ch\/index.php\/wp-json\/wp\/v2\/pages\/102","targetHints":{"allow":["GET"]}}],"collection":[{"href":"https:\/\/circolodicultura.ch\/index.php\/wp-json\/wp\/v2\/pages"}],"about":[{"href":"https:\/\/circolodicultura.ch\/index.php\/wp-json\/wp\/v2\/types\/page"}],"author":[{"embeddable":true,"href":"https:\/\/circolodicultura.ch\/index.php\/wp-json\/wp\/v2\/users\/2"}],"replies":[{"embeddable":true,"href":"https:\/\/circolodicultura.ch\/index.php\/wp-json\/wp\/v2\/comments?post=102"}],"version-history":[{"count":10,"href":"https:\/\/circolodicultura.ch\/index.php\/wp-json\/wp\/v2\/pages\/102\/revisions"}],"predecessor-version":[{"id":1165,"href":"https:\/\/circolodicultura.ch\/index.php\/wp-json\/wp\/v2\/pages\/102\/revisions\/1165"}],"wp:attachment":[{"href":"https:\/\/circolodicultura.ch\/index.php\/wp-json\/wp\/v2\/media?parent=102"}],"curies":[{"name":"wp","href":"https:\/\/api.w.org\/{rel}","templated":true}]}}