{"id":1036,"date":"2025-10-24T08:56:38","date_gmt":"2025-10-24T06:56:38","guid":{"rendered":"https:\/\/circolodicultura.ch\/?post_type=tribe_events&#038;p=1036"},"modified":"2025-10-24T17:38:45","modified_gmt":"2025-10-24T15:38:45","slug":"god-save-america-gli-stati-uniti-in-crisi-divisioni-e-sfide-di-una-superpotenza","status":"publish","type":"tribe_events","link":"https:\/\/circolodicultura.ch\/index.php\/event\/god-save-america-gli-stati-uniti-in-crisi-divisioni-e-sfide-di-una-superpotenza\/","title":{"rendered":"GOD SAVE AMERICA. Gli Stati Uniti in Crisi? Divisioni e sfide di una superpotenza"},"content":{"rendered":"\n<p>Conferenza-dibattito con <strong>Emiliano Bos<\/strong> e <strong>Andrea Molle<\/strong>. Modera <strong>Chiara Sulmoni<\/strong><\/p>\n\n\n<div  class=\"tribe-events-schedule tribe-clearfix\" >\n\t<p class=\"tribe-events-schedule__datetime\">\n\t\t<span class=\"tribe-events-schedule__date tribe-events-schedule__date--start\">\n\t\t\tNovembre 14, 2025\t\t<\/span>\n\n\t\t\t\t\t<span class=\"tribe-events-schedule__separator tribe-events-schedule__separator--date\">\n\t\t\t\t@\t\t\t<\/span>\n\t\t\t<span class=\"tribe-events-schedule__time tribe-events-schedule__time--start\">\n\t\t\t\t20:30\t\t\t<\/span>\n\t\t\n\t\t\t\t\t\t\t\t\t<span class=\"tribe-events-schedule__separator tribe-events-schedule__separator--time\">\n\t\t\t\t\t&#8211;\t\t\t\t<\/span>\n\t\t\t\n\t\t\t\t\t\t\t<span class=\"tribe-events-schedule__time tribe-events-schedule__time--end\">\n\t\t\t\t\t22:00\t\t\t\t<\/span>\n\t\t\t\n\t\t\t\t\t\t<\/p>\n<\/div>\n\n\n\n<p>Gli Stati Uniti, spesso celebrati come un ideale di unit\u00e0 nella diversit\u00e0, affrontano oggi una delle loro sfide pi\u00f9 complesse: la polarizzazione interna. Divisioni politiche, sociali, culturali ed economiche si sono amplificate negli ultimi anni, creando fratture profonde tra gruppi, regioni, visioni del mondo e opportunit\u00e0 di vita. Questa crescente frammentazione mette a rischio l\u2019idea di una nazione coesa, capace di affrontare con forza le complessit\u00e0 del presente e del futuro. Questa conferenza si propone di esplorare alcune cause e implicazioni di tali divisioni, non solo nel panorama politico, ma anche nella societ\u00e0, nei media e nella vita quotidiana degli americani. Attraverso il racconto di due relatori che hanno una conoscenza approfondita e diretta del paese, l\u2019evento mira a fornire chiavi di lettura per comprendere un fenomeno che non riguarda solo gli Stati Uniti, ma che ha un impatto globale, influenzando il modo in cui il mondo percepisce il loro ruolo e le loro prospettive future.<\/p>\n\n\n\n<p><strong>Emiliano Bos<\/strong>, giornalista della Radiotelevisione svizzera di lingua italiana, inviato e autore di numerosi reportages e approfondimenti da aree di crisi e di guerra, gi\u00e0 corrispondente dagli Stati Uniti (2015-2021).<br><strong>Andrea Molle<\/strong> (in collegamento dalla California), docente alla Chapman University di Irvine, ricercatore del think tank START InSight (Lugano), esperto di relazioni internazionali e violenza politica.<br>Modera: <strong>Chiara Sulmoni<\/strong>, analista e giornalista, presidente di START InSight, si occupa di temi legati ai processi di radicalizzazione e prevenzione dell\u2019estremismo.<\/p>\n\n\n<div  class=\"tribe-block tribe-block__venue tribe-clearfix tribe-block__venue--has-map\" >\n\t\n\t\n<div class=\"tribe-block__venue__meta\">\n\t<div class=\"tribe-block__venue__name\">\n\t\t<h3>Mendrisio LaFilanda<\/h3>\n\t<\/div>\n\n\t\n\t\t\t\t\t\t<address class=\"tribe-block__venue__address\">\n\t\t\t\t<span class=\"tribe-address\">\n\n<span class=\"tribe-street-address\">Via Industria 5<\/span>\n\t\n\t\t<br>\n\t\t<span class=\"tribe-locality\">Mendrisio<\/span><span class=\"tribe-delimiter\">,<\/span>\n\n\n\t<span class=\"tribe-postal-code\">6850<\/span>\n\n\t<span class=\"tribe-country-name\">Switzerland<\/span>\n\n<\/span>\n\n\t\t\t\t\t\t\t\t\t<a class=\"tribe-events-gmap\" href=\"https:\/\/maps.google.com\/maps?f=q&#038;source=s_q&#038;hl=en&#038;geocode=&#038;q=Via+Industria+5+Mendrisio+6850+Switzerland\" title=\"Fai clic per visualizzare una mappa Google Maps\" target=\"_blank\" rel=\"noreferrer noopener\">+ Google Maps<\/a>\t\t\t\t\t\t\t<\/address>\n\t\t\n\t\t\n\t\t\t\n\t<\/div>\n\t\n<div class=\"tribe-block__venue__map\">\n\t\n<iframe loading=\"lazy\"\n  title=\"L'iframe di Google maps mostra l'indirizzo a Mendrisio LaFilanda\"\n  aria-label=\"Venue location map\"\n  width=\"310px\"\n  height=\"256px\"\n  frameborder=\"0\" style=\"border:0\"\n  src=\"https:\/\/www.google.com\/maps\/embed\/v1\/place?key=AIzaSyDNsicAsP6-VuGtAb1O9riI3oc_NOb7IOU&#038;q=Via+Industria+5+Mendrisio+6850+Switzerland+&#038;zoom=15\" allowfullscreen>\n<\/iframe>\n<\/div>\n\n\t<\/div>\n\n\n\n\n\t<div  class=\"tribe-block tribe-block__events-link\" >\n\t\t<div class=\"tribe-events tribe-common\">\n\t\t\t<div class=\"tribe-events-c-subscribe-dropdown__container\">\n\t\t\t\t<div class=\"tribe-events-c-subscribe-dropdown\">\n\t\t\t\t\t<div class=\"tribe-common-c-btn-border tribe-events-c-subscribe-dropdown__button\">\n\t\t\t\t\t\t<svg\n\t class=\"tribe-common-c-svgicon tribe-common-c-svgicon--cal-export tribe-events-c-subscribe-dropdown__export-icon\" \taria-hidden=\"true\"\n\tviewBox=\"0 0 23 17\"\n\txmlns=\"http:\/\/www.w3.org\/2000\/svg\"\n>\n\t<path fill-rule=\"evenodd\" clip-rule=\"evenodd\" d=\"M.128.896V16.13c0 .211.145.383.323.383h15.354c.179 0 .323-.172.323-.383V.896c0-.212-.144-.383-.323-.383H.451C.273.513.128.684.128.896Zm16 6.742h-.901V4.679H1.009v10.729h14.218v-3.336h.901V7.638ZM1.01 1.614h14.218v2.058H1.009V1.614Z\" \/>\n\t<path d=\"M20.5 9.846H8.312M18.524 6.953l2.89 2.909-2.855 2.855\" stroke-width=\"1.2\" stroke-linecap=\"round\" stroke-linejoin=\"round\"\/>\n<\/svg>\n\t\t\t\t\t\t<button\n\t\t\t\t\t\t\tclass=\"tribe-events-c-subscribe-dropdown__button-text\"\n\t\t\t\t\t\t\taria-expanded=\"false\"\n\t\t\t\t\t\t\taria-controls=\"tribe-events-subscribe-dropdown-content\"\n\t\t\t\t\t\t\taria-label=\"View links to add events to your calendar\"\n\t\t\t\t\t\t>\n\t\t\t\t\t\t\tSalva nel tuo calendario\t\t\t\t\t\t<\/button>\n\t\t\t\t\t\t<svg\n\t class=\"tribe-common-c-svgicon tribe-common-c-svgicon--caret-down tribe-events-c-subscribe-dropdown__button-icon\" \taria-hidden=\"true\"\n\tviewBox=\"0 0 10 7\"\n\txmlns=\"http:\/\/www.w3.org\/2000\/svg\"\n>\n\t<path fill-rule=\"evenodd\" clip-rule=\"evenodd\" d=\"M1.008.609L5 4.6 8.992.61l.958.958L5 6.517.05 1.566l.958-.958z\" class=\"tribe-common-c-svgicon__svg-fill\"\/>\n<\/svg>\n\t\t\t\t\t<\/div>\n\t\t\t\t\t<div id=\"tribe-events-subscribe-dropdown-content\" class=\"tribe-events-c-subscribe-dropdown__content\">\n\t\t\t\t\t\t<ul class=\"tribe-events-c-subscribe-dropdown__list\">\n\t\t\t\t\t\t\t\t\t\t\t\t\t\t\t<li class=\"tribe-events-c-subscribe-dropdown__list-item tribe-events-c-subscribe-dropdown__list-item--gcal\">\n\t\t\t\t\t\t\t\t\t<a\n\t\t\t\t\t\t\t\t\t\thref=\"https:\/\/www.google.com\/calendar\/event?action=TEMPLATE&#038;dates=20251114T203000\/20251114T220000&#038;text=GOD%20SAVE%20AMERICA.%20Gli%20Stati%20Uniti%20in%20Crisi%3F%20Divisioni%20e%20sfide%20di%20una%20superpotenza&#038;details=%3Cp%3EConferenza-dibattito+con+%3Cstrong%3EEmiliano+Bos%3C%2Fstrong%3E+e+%3Cstrong%3EAndrea+Molle%3C%2Fstrong%3E.+Modera+%3Cstrong%3EChiara+Sulmoni%3C%2Fstrong%3E%3C%2Fp%3E+%3Cp%3EGli+Stati+Uniti%2C+spesso+celebrati+come+un+ideale+di+unit%C3%A0+nella+diversit%C3%A0%2C+affrontano+oggi+una+delle+loro+sfide+pi%C3%B9+complesse%3A+la+polarizzazione+interna.+Divisioni+politiche%2C+sociali%2C+culturali+ed+economiche+si+sono+amplificate+negli+ultimi+anni%2C+creando+fratture+profonde+tra+gruppi%2C+regioni%2C+visioni+del+mondo+e+opportunit%C3%A0+di+vita.+Questa+crescente+frammentazione+mette+a+rischio+l%E2%80%99idea+di+una+nazione+coesa%2C+capace+di+affrontare+con+forza+le+complessit%C3%A0+del+presente+e+del+futuro.+Questa+conferenza+si+propone+di+esplorare+alcune+cause+e+implicazioni+di+tali+divisioni%2C+non+solo+nel+panorama+politico%2C+ma+anche+nella+societ%C3%A0%2C+nei+media+e+nella+vita+quotidiana+degli+americani.+Attraverso+il+racconto+di+due+relatori+che+hanno+una+conoscenza+approfondita+e+diretta+del+paese%2C+l%E2%80%99evento+mira+a+fornire+chiavi+di+lettura+per+comprendere+un+fe%3C%2Fp%3E+%28View+Full+evento+Description+Here%3A+https%3A%2F%2Fcircolodicultura.ch%2Findex.php%2Fevent%2Fgod-save-america-gli-stati-uniti-in-crisi-divisioni-e-sfide-di-una-superpotenza%2F%29&#038;location=Mendrisio%20LaFilanda,%20Via%20Industria%205,%20Mendrisio,%206850,%20Switzerland&#038;trp=false&#038;ctz=Europe\/Rome&#038;sprop=website:https:\/\/circolodicultura.ch\"\n\t\t\t\t\t\t\t\t\t\tclass=\"tribe-events-c-subscribe-dropdown__list-item-link\"\n\t\t\t\t\t\t\t\t\t\ttarget=\"_blank\"\n\t\t\t\t\t\t\t\t\t\trel=\"noopener noreferrer nofollow noindex\"\n\t\t\t\t\t\t\t\t\t>\n\t\t\t\t\t\t\t\t\t\tGoogle Calendar\t\t\t\t\t\t\t\t\t<\/a>\n\t\t\t\t\t\t\t\t<\/li>\n\t\t\t\t\t\t\t\t\t\t\t\t\t\t\t<li class=\"tribe-events-c-subscribe-dropdown__list-item tribe-events-c-subscribe-dropdown__list-item--ical\">\n\t\t\t\t\t\t\t\t\t<a\n\t\t\t\t\t\t\t\t\t\thref=\"\"\n\t\t\t\t\t\t\t\t\t\tclass=\"tribe-events-c-subscribe-dropdown__list-item-link\"\n\t\t\t\t\t\t\t\t\t\ttarget=\"_blank\"\n\t\t\t\t\t\t\t\t\t\trel=\"noopener noreferrer nofollow noindex\"\n\t\t\t\t\t\t\t\t\t>\n\t\t\t\t\t\t\t\t\t\tiCalendar\t\t\t\t\t\t\t\t\t<\/a>\n\t\t\t\t\t\t\t\t<\/li>\n\t\t\t\t\t\t\t\t\t\t\t\t\t\t\t<li class=\"tribe-events-c-subscribe-dropdown__list-item tribe-events-c-subscribe-dropdown__list-item--outlook-365\">\n\t\t\t\t\t\t\t\t\t<a\n\t\t\t\t\t\t\t\t\t\thref=\"\"\n\t\t\t\t\t\t\t\t\t\tclass=\"tribe-events-c-subscribe-dropdown__list-item-link\"\n\t\t\t\t\t\t\t\t\t\ttarget=\"_blank\"\n\t\t\t\t\t\t\t\t\t\trel=\"noopener noreferrer nofollow noindex\"\n\t\t\t\t\t\t\t\t\t>\n\t\t\t\t\t\t\t\t\t\tOutlook 365\t\t\t\t\t\t\t\t\t<\/a>\n\t\t\t\t\t\t\t\t<\/li>\n\t\t\t\t\t\t\t\t\t\t\t\t\t\t\t<li class=\"tribe-events-c-subscribe-dropdown__list-item tribe-events-c-subscribe-dropdown__list-item--outlook-live\">\n\t\t\t\t\t\t\t\t\t<a\n\t\t\t\t\t\t\t\t\t\thref=\"\"\n\t\t\t\t\t\t\t\t\t\tclass=\"tribe-events-c-subscribe-dropdown__list-item-link\"\n\t\t\t\t\t\t\t\t\t\ttarget=\"_blank\"\n\t\t\t\t\t\t\t\t\t\trel=\"noopener noreferrer nofollow noindex\"\n\t\t\t\t\t\t\t\t\t>\n\t\t\t\t\t\t\t\t\t\tOutlook Live\t\t\t\t\t\t\t\t\t<\/a>\n\t\t\t\t\t\t\t\t<\/li>\n\t\t\t\t\t\t\t\t\t\t\t\t\t<\/ul>\n\t\t\t\t\t<\/div>\n\t\t\t\t<\/div>\n\t\t\t<\/div>\n\t\t<\/div>\n\t<\/div>\n\n","protected":false},"excerpt":{"rendered":"<p>Conferenza-dibattito con Emiliano Bos e Andrea Molle. Modera Chiara Sulmoni Gli Stati Uniti, spesso celebrati come un ideale di unit\u00e0 nella diversit\u00e0, affrontano oggi una delle loro sfide pi\u00f9 complesse:&hellip;&nbsp;<a href=\"https:\/\/circolodicultura.ch\/index.php\/event\/god-save-america-gli-stati-uniti-in-crisi-divisioni-e-sfide-di-una-superpotenza\/\" rel=\"bookmark\">Leggi tutto &raquo;<span class=\"screen-reader-text\">GOD SAVE AMERICA. Gli Stati Uniti in Crisi? Divisioni e sfide di una superpotenza<\/span><\/a><\/p>\n","protected":false},"author":3,"featured_media":0,"template":"","meta":{"inline_featured_image":false,"_uag_custom_page_level_css":"","neve_meta_sidebar":"","neve_meta_container":"","neve_meta_enable_content_width":"","neve_meta_content_width":0,"neve_meta_title_alignment":"","neve_meta_author_avatar":"","neve_post_elements_order":"","neve_meta_disable_header":"","neve_meta_disable_footer":"","neve_meta_disable_title":"","_EventAllDay":false,"_EventTimezone":"Europe\/Rome","_EventStartDate":"2025-11-14 20:30:00","_EventEndDate":"2025-11-14 22:00:00","_EventStartDateUTC":"2025-11-14 19:30:00","_EventEndDateUTC":"2025-11-14 21:00:00","_EventShowMap":false,"_EventShowMapLink":false,"_EventURL":"","_EventCost":"","_EventCostDescription":"","_EventCurrencySymbol":"CHF","_EventCurrencyCode":"CHF","_EventCurrencyPosition":"prefix","_EventDateTimeSeparator":"@","_EventTimeRangeSeparator":"-","_EventOrganizerID":[],"_EventVenueID":[886],"_OrganizerEmail":"","_OrganizerPhone":"","_OrganizerWebsite":"","_VenueAddress":"","_VenueCity":"","_VenueCountry":"","_VenueProvince":"","_VenueState":"","_VenueZip":"","_VenuePhone":"","_VenueURL":"","_VenueStateProvince":"","_VenueLat":"","_VenueLng":"","_VenueShowMap":false,"_VenueShowMapLink":false,"_tribe_events_status":"","_tribe_events_status_reason":"","footnotes":""},"tags":[],"tribe_events_cat":[],"class_list":["post-1036","tribe_events","type-tribe_events","status-publish","hentry"],"yoast_head":"<!-- This site is optimized with the Yoast SEO plugin v27.4 - https:\/\/yoast.com\/product\/yoast-seo-wordpress\/ -->\n<title>GOD SAVE AMERICA. Gli Stati Uniti in Crisi? Divisioni e sfide di una superpotenza - Circolo di Cultura di Mendrisio e dintorni<\/title>\n<meta name=\"robots\" content=\"index, follow, max-snippet:-1, max-image-preview:large, max-video-preview:-1\" \/>\n<link rel=\"canonical\" href=\"https:\/\/circolodicultura.ch\/index.php\/event\/god-save-america-gli-stati-uniti-in-crisi-divisioni-e-sfide-di-una-superpotenza\/\" \/>\n<meta property=\"og:locale\" content=\"it_IT\" \/>\n<meta property=\"og:type\" content=\"article\" \/>\n<meta property=\"og:title\" content=\"GOD SAVE AMERICA. Gli Stati Uniti in Crisi? Divisioni e sfide di una superpotenza - Circolo di Cultura di Mendrisio e dintorni\" \/>\n<meta property=\"og:description\" content=\"Conferenza-dibattito con Emiliano Bos e Andrea Molle. Modera Chiara Sulmoni Gli Stati Uniti, spesso celebrati come un ideale di unit\u00e0 nella diversit\u00e0, affrontano oggi una delle loro sfide pi\u00f9 complesse:&hellip;&nbsp;Leggi tutto &raquo;GOD SAVE AMERICA. Gli Stati Uniti in Crisi? Divisioni e sfide di una superpotenza\" \/>\n<meta property=\"og:url\" content=\"https:\/\/circolodicultura.ch\/index.php\/event\/god-save-america-gli-stati-uniti-in-crisi-divisioni-e-sfide-di-una-superpotenza\/\" \/>\n<meta property=\"og:site_name\" content=\"Circolo di Cultura di Mendrisio e dintorni\" \/>\n<meta property=\"article:modified_time\" content=\"2025-10-24T15:38:45+00:00\" \/>\n<meta name=\"twitter:card\" content=\"summary_large_image\" \/>\n<meta name=\"twitter:label1\" content=\"Tempo di lettura stimato\" \/>\n\t<meta name=\"twitter:data1\" content=\"2 minuti\" \/>\n<script type=\"application\/ld+json\" class=\"yoast-schema-graph\">{\"@context\":\"https:\\\/\\\/schema.org\",\"@graph\":[{\"@type\":\"WebPage\",\"@id\":\"https:\\\/\\\/circolodicultura.ch\\\/index.php\\\/event\\\/god-save-america-gli-stati-uniti-in-crisi-divisioni-e-sfide-di-una-superpotenza\\\/\",\"url\":\"https:\\\/\\\/circolodicultura.ch\\\/index.php\\\/event\\\/god-save-america-gli-stati-uniti-in-crisi-divisioni-e-sfide-di-una-superpotenza\\\/\",\"name\":\"GOD SAVE AMERICA. Gli Stati Uniti in Crisi? Divisioni e sfide di una superpotenza - Circolo di Cultura di Mendrisio e dintorni\",\"isPartOf\":{\"@id\":\"https:\\\/\\\/circolodicultura.ch\\\/#website\"},\"datePublished\":\"2025-10-24T06:56:38+00:00\",\"dateModified\":\"2025-10-24T15:38:45+00:00\",\"breadcrumb\":{\"@id\":\"https:\\\/\\\/circolodicultura.ch\\\/index.php\\\/event\\\/god-save-america-gli-stati-uniti-in-crisi-divisioni-e-sfide-di-una-superpotenza\\\/#breadcrumb\"},\"inLanguage\":\"it-IT\",\"potentialAction\":[{\"@type\":\"ReadAction\",\"target\":[\"https:\\\/\\\/circolodicultura.ch\\\/index.php\\\/event\\\/god-save-america-gli-stati-uniti-in-crisi-divisioni-e-sfide-di-una-superpotenza\\\/\"]}]},{\"@type\":\"BreadcrumbList\",\"@id\":\"https:\\\/\\\/circolodicultura.ch\\\/index.php\\\/event\\\/god-save-america-gli-stati-uniti-in-crisi-divisioni-e-sfide-di-una-superpotenza\\\/#breadcrumb\",\"itemListElement\":[{\"@type\":\"ListItem\",\"position\":1,\"name\":\"Home\",\"item\":\"https:\\\/\\\/circolodicultura.ch\\\/\"},{\"@type\":\"ListItem\",\"position\":2,\"name\":\"Eventi\",\"item\":\"https:\\\/\\\/circolodicultura.ch\\\/index.php\\\/events\\\/\"},{\"@type\":\"ListItem\",\"position\":3,\"name\":\"GOD SAVE AMERICA. Gli Stati Uniti in Crisi? Divisioni e sfide di una superpotenza\"}]},{\"@type\":\"WebSite\",\"@id\":\"https:\\\/\\\/circolodicultura.ch\\\/#website\",\"url\":\"https:\\\/\\\/circolodicultura.ch\\\/\",\"name\":\"Circolo di Cultura di Mendrisio e dintorni\",\"description\":\"circolodicultura.ch\",\"publisher\":{\"@id\":\"https:\\\/\\\/circolodicultura.ch\\\/#organization\"},\"potentialAction\":[{\"@type\":\"SearchAction\",\"target\":{\"@type\":\"EntryPoint\",\"urlTemplate\":\"https:\\\/\\\/circolodicultura.ch\\\/?s={search_term_string}\"},\"query-input\":{\"@type\":\"PropertyValueSpecification\",\"valueRequired\":true,\"valueName\":\"search_term_string\"}}],\"inLanguage\":\"it-IT\"},{\"@type\":\"Organization\",\"@id\":\"https:\\\/\\\/circolodicultura.ch\\\/#organization\",\"name\":\"Circolo di Cultura di Mendrisio e dintorni\",\"url\":\"https:\\\/\\\/circolodicultura.ch\\\/\",\"logo\":{\"@type\":\"ImageObject\",\"inLanguage\":\"it-IT\",\"@id\":\"https:\\\/\\\/circolodicultura.ch\\\/#\\\/schema\\\/logo\\\/image\\\/\",\"url\":\"https:\\\/\\\/circolodicultura.ch\\\/wp-content\\\/uploads\\\/2024\\\/10\\\/cropped-favicon.png\",\"contentUrl\":\"https:\\\/\\\/circolodicultura.ch\\\/wp-content\\\/uploads\\\/2024\\\/10\\\/cropped-favicon.png\",\"width\":512,\"height\":512,\"caption\":\"Circolo di Cultura di Mendrisio e dintorni\"},\"image\":{\"@id\":\"https:\\\/\\\/circolodicultura.ch\\\/#\\\/schema\\\/logo\\\/image\\\/\"}}]}<\/script>\n<!-- \/ Yoast SEO plugin. -->","yoast_head_json":{"title":"GOD SAVE AMERICA. Gli Stati Uniti in Crisi? Divisioni e sfide di una superpotenza - Circolo di Cultura di Mendrisio e dintorni","robots":{"index":"index","follow":"follow","max-snippet":"max-snippet:-1","max-image-preview":"max-image-preview:large","max-video-preview":"max-video-preview:-1"},"canonical":"https:\/\/circolodicultura.ch\/index.php\/event\/god-save-america-gli-stati-uniti-in-crisi-divisioni-e-sfide-di-una-superpotenza\/","og_locale":"it_IT","og_type":"article","og_title":"GOD SAVE AMERICA. Gli Stati Uniti in Crisi? Divisioni e sfide di una superpotenza - Circolo di Cultura di Mendrisio e dintorni","og_description":"Conferenza-dibattito con Emiliano Bos e Andrea Molle. Modera Chiara Sulmoni Gli Stati Uniti, spesso celebrati come un ideale di unit\u00e0 nella diversit\u00e0, affrontano oggi una delle loro sfide pi\u00f9 complesse:&hellip;&nbsp;Leggi tutto &raquo;GOD SAVE AMERICA. Gli Stati Uniti in Crisi? Divisioni e sfide di una superpotenza","og_url":"https:\/\/circolodicultura.ch\/index.php\/event\/god-save-america-gli-stati-uniti-in-crisi-divisioni-e-sfide-di-una-superpotenza\/","og_site_name":"Circolo di Cultura di Mendrisio e dintorni","article_modified_time":"2025-10-24T15:38:45+00:00","twitter_card":"summary_large_image","twitter_misc":{"Tempo di lettura stimato":"2 minuti"},"schema":{"@context":"https:\/\/schema.org","@graph":[{"@type":"WebPage","@id":"https:\/\/circolodicultura.ch\/index.php\/event\/god-save-america-gli-stati-uniti-in-crisi-divisioni-e-sfide-di-una-superpotenza\/","url":"https:\/\/circolodicultura.ch\/index.php\/event\/god-save-america-gli-stati-uniti-in-crisi-divisioni-e-sfide-di-una-superpotenza\/","name":"GOD SAVE AMERICA. Gli Stati Uniti in Crisi? Divisioni e sfide di una superpotenza - Circolo di Cultura di Mendrisio e dintorni","isPartOf":{"@id":"https:\/\/circolodicultura.ch\/#website"},"datePublished":"2025-10-24T06:56:38+00:00","dateModified":"2025-10-24T15:38:45+00:00","breadcrumb":{"@id":"https:\/\/circolodicultura.ch\/index.php\/event\/god-save-america-gli-stati-uniti-in-crisi-divisioni-e-sfide-di-una-superpotenza\/#breadcrumb"},"inLanguage":"it-IT","potentialAction":[{"@type":"ReadAction","target":["https:\/\/circolodicultura.ch\/index.php\/event\/god-save-america-gli-stati-uniti-in-crisi-divisioni-e-sfide-di-una-superpotenza\/"]}]},{"@type":"BreadcrumbList","@id":"https:\/\/circolodicultura.ch\/index.php\/event\/god-save-america-gli-stati-uniti-in-crisi-divisioni-e-sfide-di-una-superpotenza\/#breadcrumb","itemListElement":[{"@type":"ListItem","position":1,"name":"Home","item":"https:\/\/circolodicultura.ch\/"},{"@type":"ListItem","position":2,"name":"Eventi","item":"https:\/\/circolodicultura.ch\/index.php\/events\/"},{"@type":"ListItem","position":3,"name":"GOD SAVE AMERICA. Gli Stati Uniti in Crisi? Divisioni e sfide di una superpotenza"}]},{"@type":"WebSite","@id":"https:\/\/circolodicultura.ch\/#website","url":"https:\/\/circolodicultura.ch\/","name":"Circolo di Cultura di Mendrisio e dintorni","description":"circolodicultura.ch","publisher":{"@id":"https:\/\/circolodicultura.ch\/#organization"},"potentialAction":[{"@type":"SearchAction","target":{"@type":"EntryPoint","urlTemplate":"https:\/\/circolodicultura.ch\/?s={search_term_string}"},"query-input":{"@type":"PropertyValueSpecification","valueRequired":true,"valueName":"search_term_string"}}],"inLanguage":"it-IT"},{"@type":"Organization","@id":"https:\/\/circolodicultura.ch\/#organization","name":"Circolo di Cultura di Mendrisio e dintorni","url":"https:\/\/circolodicultura.ch\/","logo":{"@type":"ImageObject","inLanguage":"it-IT","@id":"https:\/\/circolodicultura.ch\/#\/schema\/logo\/image\/","url":"https:\/\/circolodicultura.ch\/wp-content\/uploads\/2024\/10\/cropped-favicon.png","contentUrl":"https:\/\/circolodicultura.ch\/wp-content\/uploads\/2024\/10\/cropped-favicon.png","width":512,"height":512,"caption":"Circolo di Cultura di Mendrisio e dintorni"},"image":{"@id":"https:\/\/circolodicultura.ch\/#\/schema\/logo\/image\/"}}]}},"uagb_featured_image_src":{"full":false,"thumbnail":false,"medium":false,"medium_large":false,"large":false,"1536x1536":false,"2048x2048":false,"neve-blog":false},"uagb_author_info":{"display_name":"admin_circolo","author_link":"https:\/\/circolodicultura.ch\/index.php\/author\/admin_circolo\/"},"uagb_comment_info":0,"uagb_excerpt":"Conferenza-dibattito con Emiliano Bos e Andrea Molle. Modera Chiara Sulmoni Gli Stati Uniti, spesso celebrati come un ideale di unit\u00e0 nella diversit\u00e0, affrontano oggi una delle loro sfide pi\u00f9 complesse:&hellip;&nbsp;Leggi tutto &raquo;GOD SAVE AMERICA. Gli Stati Uniti in Crisi? Divisioni e sfide di una superpotenza","jetpack_sharing_enabled":true,"_links":{"self":[{"href":"https:\/\/circolodicultura.ch\/index.php\/wp-json\/wp\/v2\/tribe_events\/1036","targetHints":{"allow":["GET"]}}],"collection":[{"href":"https:\/\/circolodicultura.ch\/index.php\/wp-json\/wp\/v2\/tribe_events"}],"about":[{"href":"https:\/\/circolodicultura.ch\/index.php\/wp-json\/wp\/v2\/types\/tribe_events"}],"author":[{"embeddable":true,"href":"https:\/\/circolodicultura.ch\/index.php\/wp-json\/wp\/v2\/users\/3"}],"version-history":[{"count":2,"href":"https:\/\/circolodicultura.ch\/index.php\/wp-json\/wp\/v2\/tribe_events\/1036\/revisions"}],"predecessor-version":[{"id":1047,"href":"https:\/\/circolodicultura.ch\/index.php\/wp-json\/wp\/v2\/tribe_events\/1036\/revisions\/1047"}],"wp:attachment":[{"href":"https:\/\/circolodicultura.ch\/index.php\/wp-json\/wp\/v2\/media?parent=1036"}],"wp:term":[{"taxonomy":"post_tag","embeddable":true,"href":"https:\/\/circolodicultura.ch\/index.php\/wp-json\/wp\/v2\/tags?post=1036"},{"taxonomy":"tribe_events_cat","embeddable":true,"href":"https:\/\/circolodicultura.ch\/index.php\/wp-json\/wp\/v2\/tribe_events_cat?post=1036"}],"curies":[{"name":"wp","href":"https:\/\/api.w.org\/{rel}","templated":true}]}}