{"id":1059,"date":"2025-10-24T18:12:03","date_gmt":"2025-10-24T16:12:03","guid":{"rendered":"https:\/\/circolodicultura.ch\/?post_type=tribe_events&#038;p=1059"},"modified":"2025-11-28T18:19:00","modified_gmt":"2025-11-28T17:19:00","slug":"david-weiss-il-sogno-di-casa-aprile","status":"publish","type":"tribe_events","link":"https:\/\/circolodicultura.ch\/index.php\/event\/david-weiss-il-sogno-di-casa-aprile\/","title":{"rendered":"DAVID WEISS. Il sogno di Casa Aprile"},"content":{"rendered":"<div  class=\"tribe-events-schedule tribe-clearfix\" >\n\t<p class=\"tribe-events-schedule__datetime\">\n\t\t<span class=\"tribe-events-schedule__date tribe-events-schedule__date--start\">\n\t\t\tGennaio 15\t\t<\/span>\n\n\t\t\t\t\t<span class=\"tribe-events-schedule__separator tribe-events-schedule__separator--date\">\n\t\t\t\t@\t\t\t<\/span>\n\t\t\t<span class=\"tribe-events-schedule__time tribe-events-schedule__time--start\">\n\t\t\t\t18:00\t\t\t<\/span>\n\t\t\n\t\t\t\t\t\t\t\t\t<span class=\"tribe-events-schedule__separator tribe-events-schedule__separator--time\">\n\t\t\t\t\t&#8211;\t\t\t\t<\/span>\n\t\t\t\n\t\t\t\t\t\t\t<span class=\"tribe-events-schedule__time tribe-events-schedule__time--end\">\n\t\t\t\t\t18:30\t\t\t\t<\/span>\n\t\t\t\n\t\t\t\t\t\t<\/p>\n<\/div>\n\n\n\n<p>Visite guidate con <strong>Virginia Marano<\/strong>, co-curatrice della mostra, e <strong>Daphne Piras<\/strong>, storica dell\u2019arte<\/p>\n\n\n\n<p>Attraverso oltre duecento opere provenienti da archivi pubblici e privati, la mostra <em>David Weiss. Il sogno di Casa Aprile. Carona 1968-1978<\/em> ripercorre per la prima volta la storia della comunit\u00e0 artistica fiorita tra le mura di Casa Aprile a Carona. In questo luogo sospeso, il giovane David Weiss \u2013 futuro membro del duo Fischli\/Weiss \u2013 scopre l\u2019arte come gesto quotidiano e collettivo. Fin dai primi del Novecento, Carona si configura come un luogo di passaggio e rifugio per personalit\u00e0 che si muovono tra arte, scrittura e impegno politico. Tra la fine degli anni Sessanta e Settanta, Casa Aprile \u2013 residenza acquistata da Meret Oppenheim \u2013 diventa il cuore pulsante di straordinarie esperienze artistiche di respiro internazionale. Tra i protagonisti di questa intensa stagione c\u2019\u00e8 David Weiss (Zurigo, 1946-2012), attorno al quale si raccoglie<br>una comunit\u00e0 di artisti, tra cui Esther Altorfer, Anton Bruhin, Maria Gregor, Matthyas Jenny, Urs L\u00fcthi, Penelope Margaret Macworth-Praed,<br>Iwan Schumacher, Peter Schweri e Willy Spiller. La mostra ne restituisce lo spirito attraverso disegni, diari, lettere, fotografie e suoni, offrendo<br>anche uno sguardo sulle origini del linguaggio visivo di Weiss: tra umorismo, psichedelia e poesia del quotidiano, che si rivelano premesse<br>della sua produzione successiva all\u2019interno del celebre duo Fischli\/Weiss.<\/p>\n\n\n\n<div class=\"wp-block-uagb-info-box uagb-block-b2f75fd6 uagb-infobox__content-wrap  uagb-infobox-icon-above-title uagb-infobox-image-valign-top\"><div class=\"uagb-ifb-content\"><div class=\"uagb-ifb-icon-wrap\"><svg xmlns=\"https:\/\/www.w3.org\/2000\/svg\" viewBox=\"0 0 512 512\"><path d=\"M0 256C0 114.6 114.6 0 256 0C397.4 0 512 114.6 512 256C512 397.4 397.4 512 256 512C114.6 512 0 397.4 0 256zM371.8 211.8C382.7 200.9 382.7 183.1 371.8 172.2C360.9 161.3 343.1 161.3 332.2 172.2L224 280.4L179.8 236.2C168.9 225.3 151.1 225.3 140.2 236.2C129.3 247.1 129.3 264.9 140.2 275.8L204.2 339.8C215.1 350.7 232.9 350.7 243.8 339.8L371.8 211.8z\"><\/path><\/svg><\/div><div class=\"uagb-ifb-title-wrap\"><h3 class=\"uagb-ifb-title\">Biglietto d\u2019ingresso: 16.-<br>Quota d\u2019iscrizione per i non soci: 10.-<br>Iscrizione mediante tagliando<\/h3><\/div><\/div><\/div>\n\n\n<a href=\"https:\/\/circolodicultura.ch\/wp-content\/uploads\/2025\/10\/David-Weiss-LAC-15-01-26.pdf\" class=\"pdfemb-viewer\" style=\"\" data-width=\"max\" data-height=\"max\" data-toolbar=\"bottom\" data-toolbar-fixed=\"off\">David-Weiss-LAC-15-01-26<\/a>\n\n<div  class=\"tribe-block tribe-block__venue tribe-clearfix tribe-block__venue--has-map\" >\n\t\n\t\n<div class=\"tribe-block__venue__meta\">\n\t<div class=\"tribe-block__venue__name\">\n\t\t<h3>LAC Lugano<\/h3>\n\t<\/div>\n\n\t\n\t\t\t\t\t\t<address class=\"tribe-block__venue__address\">\n\t\t\t\t<span class=\"tribe-address\">\n\n<span class=\"tribe-street-address\">Piazza Bernardino Luini 6<\/span>\n\t\n\t\t<br>\n\t\t<span class=\"tribe-locality\">Lugano<\/span><span class=\"tribe-delimiter\">,<\/span>\n\n\n\n\t<span class=\"tribe-country-name\">Switzerland<\/span>\n\n<\/span>\n\n\t\t\t\t\t\t\t\t\t<a class=\"tribe-events-gmap\" href=\"https:\/\/maps.google.com\/maps?f=q&#038;source=s_q&#038;hl=en&#038;geocode=&#038;q=Piazza+Bernardino+Luini+6+Lugano+Switzerland\" title=\"Fai clic per visualizzare una mappa Google Maps\" target=\"_blank\" rel=\"noreferrer noopener\">+ Google Maps<\/a>\t\t\t\t\t\t\t<\/address>\n\t\t\n\t\t\n\t\t\t\n\t<\/div>\n\t\n<div class=\"tribe-block__venue__map\">\n\t\n<iframe loading=\"lazy\"\n  title=\"L'iframe di Google maps mostra l'indirizzo a LAC Lugano\"\n  aria-label=\"Venue location map\"\n  width=\"310px\"\n  height=\"256px\"\n  frameborder=\"0\" style=\"border:0\"\n  src=\"https:\/\/www.google.com\/maps\/embed\/v1\/place?key=AIzaSyDNsicAsP6-VuGtAb1O9riI3oc_NOb7IOU&#038;q=Piazza+Bernardino+Luini+6+Lugano+Switzerland+&#038;zoom=15\" allowfullscreen>\n<\/iframe>\n<\/div>\n\n\t<\/div>\n\n\n\n\n\t<div  class=\"tribe-block tribe-block__events-link\" >\n\t\t<div class=\"tribe-events tribe-common\">\n\t\t\t<div class=\"tribe-events-c-subscribe-dropdown__container\">\n\t\t\t\t<div class=\"tribe-events-c-subscribe-dropdown\">\n\t\t\t\t\t<div class=\"tribe-common-c-btn-border tribe-events-c-subscribe-dropdown__button\">\n\t\t\t\t\t\t<svg\n\t class=\"tribe-common-c-svgicon tribe-common-c-svgicon--cal-export tribe-events-c-subscribe-dropdown__export-icon\" \taria-hidden=\"true\"\n\tviewBox=\"0 0 23 17\"\n\txmlns=\"http:\/\/www.w3.org\/2000\/svg\"\n>\n\t<path fill-rule=\"evenodd\" clip-rule=\"evenodd\" d=\"M.128.896V16.13c0 .211.145.383.323.383h15.354c.179 0 .323-.172.323-.383V.896c0-.212-.144-.383-.323-.383H.451C.273.513.128.684.128.896Zm16 6.742h-.901V4.679H1.009v10.729h14.218v-3.336h.901V7.638ZM1.01 1.614h14.218v2.058H1.009V1.614Z\" \/>\n\t<path d=\"M20.5 9.846H8.312M18.524 6.953l2.89 2.909-2.855 2.855\" stroke-width=\"1.2\" stroke-linecap=\"round\" stroke-linejoin=\"round\"\/>\n<\/svg>\n\t\t\t\t\t\t<button\n\t\t\t\t\t\t\tclass=\"tribe-events-c-subscribe-dropdown__button-text\"\n\t\t\t\t\t\t\taria-expanded=\"false\"\n\t\t\t\t\t\t\taria-controls=\"tribe-events-subscribe-dropdown-content\"\n\t\t\t\t\t\t\taria-label=\"View links to add events to your calendar\"\n\t\t\t\t\t\t>\n\t\t\t\t\t\t\tSalva nel tuo calendario\t\t\t\t\t\t<\/button>\n\t\t\t\t\t\t<svg\n\t class=\"tribe-common-c-svgicon tribe-common-c-svgicon--caret-down tribe-events-c-subscribe-dropdown__button-icon\" \taria-hidden=\"true\"\n\tviewBox=\"0 0 10 7\"\n\txmlns=\"http:\/\/www.w3.org\/2000\/svg\"\n>\n\t<path fill-rule=\"evenodd\" clip-rule=\"evenodd\" d=\"M1.008.609L5 4.6 8.992.61l.958.958L5 6.517.05 1.566l.958-.958z\" class=\"tribe-common-c-svgicon__svg-fill\"\/>\n<\/svg>\n\t\t\t\t\t<\/div>\n\t\t\t\t\t<div id=\"tribe-events-subscribe-dropdown-content\" class=\"tribe-events-c-subscribe-dropdown__content\">\n\t\t\t\t\t\t<ul class=\"tribe-events-c-subscribe-dropdown__list\">\n\t\t\t\t\t\t\t\t\t\t\t\t\t\t\t<li class=\"tribe-events-c-subscribe-dropdown__list-item tribe-events-c-subscribe-dropdown__list-item--gcal\">\n\t\t\t\t\t\t\t\t\t<a\n\t\t\t\t\t\t\t\t\t\thref=\"https:\/\/www.google.com\/calendar\/event?action=TEMPLATE&#038;dates=20260115T180000\/20260115T183000&#038;text=DAVID%20WEISS.%20Il%20sogno%20di%20Casa%20Aprile&#038;details=%3Cp%3EVisite+guidate+con+%3Cstrong%3EVirginia+Marano%3C%2Fstrong%3E%2C+co-curatrice+della+mostra%2C+e+%3Cstrong%3EDaphne+Piras%3C%2Fstrong%3E%2C+storica+dell%E2%80%99arte%3C%2Fp%3E+%3Cp%3EAttraverso+oltre+duecento+opere+provenienti+da+archivi+pubblici+e+privati%2C+la+mostra+%3Cem%3EDavid+Weiss.+Il+sogno+di+Casa+Aprile.+Carona+1968-1978%3C%2Fem%3E+ripercorre+per+la+prima+volta+la+storia+della+comunit%C3%A0+artistica+fiorita+tra+le+mura+di+Casa+Aprile+a+Carona.+In+questo+luogo+sospeso%2C+il+giovane+David+Weiss+%E2%80%93+futuro+membro+del+duo+Fischli%2FWeiss+%E2%80%93+scopre+l%E2%80%99arte+come+gesto+quotidiano+e+collettivo.+Fin+dai+primi+del+Novecento%2C+Carona+si+configura+come+un+luogo+di+passaggio+e+rifugio+per+personalit%C3%A0+che+si+muovono+tra+arte%2C+scrittura+e+impegno+politico.+Tra+la+fine+degli+anni+Sessanta+e+Settanta%2C+Casa+Aprile+%E2%80%93+residenza+acquistata+da+Meret+Oppenheim+%E2%80%93+diventa+il+cuore+pulsante+di+straordinarie+esperienze+artistiche+di+respiro+internazionale.+Tra+i+protagonisti+di+questa+intensa+stagione+c%E2%80%99%C3%A8+David+Weiss+%28Zurigo%2C+1946-2012%29%2C+at%3C%2Fp%3E+%28View+Full+evento+Description+Here%3A+https%3A%2F%2Fcircolodicultura.ch%2Findex.php%2Fevent%2Fdavid-weiss-il-sogno-di-casa-aprile%2F%29&#038;location=LAC%20Lugano,%20Piazza%20Bernardino%20Luini%206,%20Lugano,%20Switzerland&#038;trp=false&#038;ctz=Europe\/Rome&#038;sprop=website:https:\/\/circolodicultura.ch\"\n\t\t\t\t\t\t\t\t\t\tclass=\"tribe-events-c-subscribe-dropdown__list-item-link\"\n\t\t\t\t\t\t\t\t\t\ttarget=\"_blank\"\n\t\t\t\t\t\t\t\t\t\trel=\"noopener noreferrer nofollow noindex\"\n\t\t\t\t\t\t\t\t\t>\n\t\t\t\t\t\t\t\t\t\tGoogle Calendar\t\t\t\t\t\t\t\t\t<\/a>\n\t\t\t\t\t\t\t\t<\/li>\n\t\t\t\t\t\t\t\t\t\t\t\t\t\t\t<li class=\"tribe-events-c-subscribe-dropdown__list-item tribe-events-c-subscribe-dropdown__list-item--ical\">\n\t\t\t\t\t\t\t\t\t<a\n\t\t\t\t\t\t\t\t\t\thref=\"\"\n\t\t\t\t\t\t\t\t\t\tclass=\"tribe-events-c-subscribe-dropdown__list-item-link\"\n\t\t\t\t\t\t\t\t\t\ttarget=\"_blank\"\n\t\t\t\t\t\t\t\t\t\trel=\"noopener noreferrer nofollow noindex\"\n\t\t\t\t\t\t\t\t\t>\n\t\t\t\t\t\t\t\t\t\tiCalendar\t\t\t\t\t\t\t\t\t<\/a>\n\t\t\t\t\t\t\t\t<\/li>\n\t\t\t\t\t\t\t\t\t\t\t\t\t\t\t<li class=\"tribe-events-c-subscribe-dropdown__list-item tribe-events-c-subscribe-dropdown__list-item--outlook-365\">\n\t\t\t\t\t\t\t\t\t<a\n\t\t\t\t\t\t\t\t\t\thref=\"\"\n\t\t\t\t\t\t\t\t\t\tclass=\"tribe-events-c-subscribe-dropdown__list-item-link\"\n\t\t\t\t\t\t\t\t\t\ttarget=\"_blank\"\n\t\t\t\t\t\t\t\t\t\trel=\"noopener noreferrer nofollow noindex\"\n\t\t\t\t\t\t\t\t\t>\n\t\t\t\t\t\t\t\t\t\tOutlook 365\t\t\t\t\t\t\t\t\t<\/a>\n\t\t\t\t\t\t\t\t<\/li>\n\t\t\t\t\t\t\t\t\t\t\t\t\t\t\t<li class=\"tribe-events-c-subscribe-dropdown__list-item tribe-events-c-subscribe-dropdown__list-item--outlook-live\">\n\t\t\t\t\t\t\t\t\t<a\n\t\t\t\t\t\t\t\t\t\thref=\"\"\n\t\t\t\t\t\t\t\t\t\tclass=\"tribe-events-c-subscribe-dropdown__list-item-link\"\n\t\t\t\t\t\t\t\t\t\ttarget=\"_blank\"\n\t\t\t\t\t\t\t\t\t\trel=\"noopener noreferrer nofollow noindex\"\n\t\t\t\t\t\t\t\t\t>\n\t\t\t\t\t\t\t\t\t\tOutlook Live\t\t\t\t\t\t\t\t\t<\/a>\n\t\t\t\t\t\t\t\t<\/li>\n\t\t\t\t\t\t\t\t\t\t\t\t\t<\/ul>\n\t\t\t\t\t<\/div>\n\t\t\t\t<\/div>\n\t\t\t<\/div>\n\t\t<\/div>\n\t<\/div>\n\n","protected":false},"excerpt":{"rendered":"<p>Visite guidate con Virginia Marano, co-curatrice della mostra, e Daphne Piras, storica dell\u2019arte Attraverso oltre duecento opere provenienti da archivi pubblici e privati, la mostra David Weiss. Il sogno di&hellip;&nbsp;<a href=\"https:\/\/circolodicultura.ch\/index.php\/event\/david-weiss-il-sogno-di-casa-aprile\/\" rel=\"bookmark\">Leggi tutto &raquo;<span class=\"screen-reader-text\">DAVID WEISS. Il sogno di Casa Aprile<\/span><\/a><\/p>\n","protected":false},"author":3,"featured_media":0,"template":"","meta":{"inline_featured_image":false,"_uag_custom_page_level_css":"","neve_meta_sidebar":"","neve_meta_container":"","neve_meta_enable_content_width":"","neve_meta_content_width":0,"neve_meta_title_alignment":"","neve_meta_author_avatar":"","neve_post_elements_order":"","neve_meta_disable_header":"","neve_meta_disable_footer":"","neve_meta_disable_title":"","_EventAllDay":false,"_EventTimezone":"Europe\/Rome","_EventStartDate":"2026-01-15 18:00:00","_EventEndDate":"2026-01-15 18:30:00","_EventStartDateUTC":"2026-01-15 17:00:00","_EventEndDateUTC":"2026-01-15 17:30:00","_EventShowMap":false,"_EventShowMapLink":false,"_EventURL":"","_EventCost":"","_EventCostDescription":"","_EventCurrencySymbol":"CHF","_EventCurrencyCode":"CHF","_EventCurrencyPosition":"prefix","_EventDateTimeSeparator":"@","_EventTimeRangeSeparator":"-","_EventOrganizerID":[],"_EventVenueID":[532],"_OrganizerEmail":"","_OrganizerPhone":"","_OrganizerWebsite":"","_VenueAddress":"","_VenueCity":"","_VenueCountry":"","_VenueProvince":"","_VenueState":"","_VenueZip":"","_VenuePhone":"","_VenueURL":"","_VenueStateProvince":"","_VenueLat":"","_VenueLng":"","_VenueShowMap":false,"_VenueShowMapLink":false,"_tribe_events_status":"","_tribe_events_status_reason":"","footnotes":""},"tags":[],"tribe_events_cat":[],"class_list":["post-1059","tribe_events","type-tribe_events","status-publish","hentry"],"yoast_head":"<!-- This site is optimized with the Yoast SEO plugin v27.4 - https:\/\/yoast.com\/product\/yoast-seo-wordpress\/ -->\n<title>DAVID WEISS. Il sogno di Casa Aprile - Circolo di Cultura di Mendrisio e dintorni<\/title>\n<meta name=\"robots\" content=\"index, follow, max-snippet:-1, max-image-preview:large, max-video-preview:-1\" \/>\n<link rel=\"canonical\" href=\"https:\/\/circolodicultura.ch\/index.php\/event\/david-weiss-il-sogno-di-casa-aprile\/\" \/>\n<meta property=\"og:locale\" content=\"it_IT\" \/>\n<meta property=\"og:type\" content=\"article\" \/>\n<meta property=\"og:title\" content=\"DAVID WEISS. Il sogno di Casa Aprile - Circolo di Cultura di Mendrisio e dintorni\" \/>\n<meta property=\"og:description\" content=\"Visite guidate con Virginia Marano, co-curatrice della mostra, e Daphne Piras, storica dell\u2019arte Attraverso oltre duecento opere provenienti da archivi pubblici e privati, la mostra David Weiss. Il sogno di&hellip;&nbsp;Leggi tutto &raquo;DAVID WEISS. Il sogno di Casa Aprile\" \/>\n<meta property=\"og:url\" content=\"https:\/\/circolodicultura.ch\/index.php\/event\/david-weiss-il-sogno-di-casa-aprile\/\" \/>\n<meta property=\"og:site_name\" content=\"Circolo di Cultura di Mendrisio e dintorni\" \/>\n<meta property=\"article:modified_time\" content=\"2025-11-28T17:19:00+00:00\" \/>\n<meta name=\"twitter:card\" content=\"summary_large_image\" \/>\n<meta name=\"twitter:label1\" content=\"Tempo di lettura stimato\" \/>\n\t<meta name=\"twitter:data1\" content=\"2 minuti\" \/>\n<script type=\"application\/ld+json\" class=\"yoast-schema-graph\">{\"@context\":\"https:\\\/\\\/schema.org\",\"@graph\":[{\"@type\":\"WebPage\",\"@id\":\"https:\\\/\\\/circolodicultura.ch\\\/index.php\\\/event\\\/david-weiss-il-sogno-di-casa-aprile\\\/\",\"url\":\"https:\\\/\\\/circolodicultura.ch\\\/index.php\\\/event\\\/david-weiss-il-sogno-di-casa-aprile\\\/\",\"name\":\"DAVID WEISS. Il sogno di Casa Aprile - Circolo di Cultura di Mendrisio e dintorni\",\"isPartOf\":{\"@id\":\"https:\\\/\\\/circolodicultura.ch\\\/#website\"},\"datePublished\":\"2025-10-24T16:12:03+00:00\",\"dateModified\":\"2025-11-28T17:19:00+00:00\",\"breadcrumb\":{\"@id\":\"https:\\\/\\\/circolodicultura.ch\\\/index.php\\\/event\\\/david-weiss-il-sogno-di-casa-aprile\\\/#breadcrumb\"},\"inLanguage\":\"it-IT\",\"potentialAction\":[{\"@type\":\"ReadAction\",\"target\":[\"https:\\\/\\\/circolodicultura.ch\\\/index.php\\\/event\\\/david-weiss-il-sogno-di-casa-aprile\\\/\"]}]},{\"@type\":\"BreadcrumbList\",\"@id\":\"https:\\\/\\\/circolodicultura.ch\\\/index.php\\\/event\\\/david-weiss-il-sogno-di-casa-aprile\\\/#breadcrumb\",\"itemListElement\":[{\"@type\":\"ListItem\",\"position\":1,\"name\":\"Home\",\"item\":\"https:\\\/\\\/circolodicultura.ch\\\/\"},{\"@type\":\"ListItem\",\"position\":2,\"name\":\"Eventi\",\"item\":\"https:\\\/\\\/circolodicultura.ch\\\/index.php\\\/events\\\/\"},{\"@type\":\"ListItem\",\"position\":3,\"name\":\"DAVID WEISS. Il sogno di Casa Aprile\"}]},{\"@type\":\"WebSite\",\"@id\":\"https:\\\/\\\/circolodicultura.ch\\\/#website\",\"url\":\"https:\\\/\\\/circolodicultura.ch\\\/\",\"name\":\"Circolo di Cultura di Mendrisio e dintorni\",\"description\":\"circolodicultura.ch\",\"publisher\":{\"@id\":\"https:\\\/\\\/circolodicultura.ch\\\/#organization\"},\"potentialAction\":[{\"@type\":\"SearchAction\",\"target\":{\"@type\":\"EntryPoint\",\"urlTemplate\":\"https:\\\/\\\/circolodicultura.ch\\\/?s={search_term_string}\"},\"query-input\":{\"@type\":\"PropertyValueSpecification\",\"valueRequired\":true,\"valueName\":\"search_term_string\"}}],\"inLanguage\":\"it-IT\"},{\"@type\":\"Organization\",\"@id\":\"https:\\\/\\\/circolodicultura.ch\\\/#organization\",\"name\":\"Circolo di Cultura di Mendrisio e dintorni\",\"url\":\"https:\\\/\\\/circolodicultura.ch\\\/\",\"logo\":{\"@type\":\"ImageObject\",\"inLanguage\":\"it-IT\",\"@id\":\"https:\\\/\\\/circolodicultura.ch\\\/#\\\/schema\\\/logo\\\/image\\\/\",\"url\":\"https:\\\/\\\/circolodicultura.ch\\\/wp-content\\\/uploads\\\/2024\\\/10\\\/cropped-favicon.png\",\"contentUrl\":\"https:\\\/\\\/circolodicultura.ch\\\/wp-content\\\/uploads\\\/2024\\\/10\\\/cropped-favicon.png\",\"width\":512,\"height\":512,\"caption\":\"Circolo di Cultura di Mendrisio e dintorni\"},\"image\":{\"@id\":\"https:\\\/\\\/circolodicultura.ch\\\/#\\\/schema\\\/logo\\\/image\\\/\"}}]}<\/script>\n<!-- \/ Yoast SEO plugin. -->","yoast_head_json":{"title":"DAVID WEISS. Il sogno di Casa Aprile - Circolo di Cultura di Mendrisio e dintorni","robots":{"index":"index","follow":"follow","max-snippet":"max-snippet:-1","max-image-preview":"max-image-preview:large","max-video-preview":"max-video-preview:-1"},"canonical":"https:\/\/circolodicultura.ch\/index.php\/event\/david-weiss-il-sogno-di-casa-aprile\/","og_locale":"it_IT","og_type":"article","og_title":"DAVID WEISS. Il sogno di Casa Aprile - Circolo di Cultura di Mendrisio e dintorni","og_description":"Visite guidate con Virginia Marano, co-curatrice della mostra, e Daphne Piras, storica dell\u2019arte Attraverso oltre duecento opere provenienti da archivi pubblici e privati, la mostra David Weiss. Il sogno di&hellip;&nbsp;Leggi tutto &raquo;DAVID WEISS. Il sogno di Casa Aprile","og_url":"https:\/\/circolodicultura.ch\/index.php\/event\/david-weiss-il-sogno-di-casa-aprile\/","og_site_name":"Circolo di Cultura di Mendrisio e dintorni","article_modified_time":"2025-11-28T17:19:00+00:00","twitter_card":"summary_large_image","twitter_misc":{"Tempo di lettura stimato":"2 minuti"},"schema":{"@context":"https:\/\/schema.org","@graph":[{"@type":"WebPage","@id":"https:\/\/circolodicultura.ch\/index.php\/event\/david-weiss-il-sogno-di-casa-aprile\/","url":"https:\/\/circolodicultura.ch\/index.php\/event\/david-weiss-il-sogno-di-casa-aprile\/","name":"DAVID WEISS. Il sogno di Casa Aprile - Circolo di Cultura di Mendrisio e dintorni","isPartOf":{"@id":"https:\/\/circolodicultura.ch\/#website"},"datePublished":"2025-10-24T16:12:03+00:00","dateModified":"2025-11-28T17:19:00+00:00","breadcrumb":{"@id":"https:\/\/circolodicultura.ch\/index.php\/event\/david-weiss-il-sogno-di-casa-aprile\/#breadcrumb"},"inLanguage":"it-IT","potentialAction":[{"@type":"ReadAction","target":["https:\/\/circolodicultura.ch\/index.php\/event\/david-weiss-il-sogno-di-casa-aprile\/"]}]},{"@type":"BreadcrumbList","@id":"https:\/\/circolodicultura.ch\/index.php\/event\/david-weiss-il-sogno-di-casa-aprile\/#breadcrumb","itemListElement":[{"@type":"ListItem","position":1,"name":"Home","item":"https:\/\/circolodicultura.ch\/"},{"@type":"ListItem","position":2,"name":"Eventi","item":"https:\/\/circolodicultura.ch\/index.php\/events\/"},{"@type":"ListItem","position":3,"name":"DAVID WEISS. Il sogno di Casa Aprile"}]},{"@type":"WebSite","@id":"https:\/\/circolodicultura.ch\/#website","url":"https:\/\/circolodicultura.ch\/","name":"Circolo di Cultura di Mendrisio e dintorni","description":"circolodicultura.ch","publisher":{"@id":"https:\/\/circolodicultura.ch\/#organization"},"potentialAction":[{"@type":"SearchAction","target":{"@type":"EntryPoint","urlTemplate":"https:\/\/circolodicultura.ch\/?s={search_term_string}"},"query-input":{"@type":"PropertyValueSpecification","valueRequired":true,"valueName":"search_term_string"}}],"inLanguage":"it-IT"},{"@type":"Organization","@id":"https:\/\/circolodicultura.ch\/#organization","name":"Circolo di Cultura di Mendrisio e dintorni","url":"https:\/\/circolodicultura.ch\/","logo":{"@type":"ImageObject","inLanguage":"it-IT","@id":"https:\/\/circolodicultura.ch\/#\/schema\/logo\/image\/","url":"https:\/\/circolodicultura.ch\/wp-content\/uploads\/2024\/10\/cropped-favicon.png","contentUrl":"https:\/\/circolodicultura.ch\/wp-content\/uploads\/2024\/10\/cropped-favicon.png","width":512,"height":512,"caption":"Circolo di Cultura di Mendrisio e dintorni"},"image":{"@id":"https:\/\/circolodicultura.ch\/#\/schema\/logo\/image\/"}}]}},"uagb_featured_image_src":{"full":false,"thumbnail":false,"medium":false,"medium_large":false,"large":false,"1536x1536":false,"2048x2048":false,"neve-blog":false},"uagb_author_info":{"display_name":"admin_circolo","author_link":"https:\/\/circolodicultura.ch\/index.php\/author\/admin_circolo\/"},"uagb_comment_info":0,"uagb_excerpt":"Visite guidate con Virginia Marano, co-curatrice della mostra, e Daphne Piras, storica dell\u2019arte Attraverso oltre duecento opere provenienti da archivi pubblici e privati, la mostra David Weiss. Il sogno di&hellip;&nbsp;Leggi tutto &raquo;DAVID WEISS. Il sogno di Casa Aprile","jetpack_sharing_enabled":true,"_links":{"self":[{"href":"https:\/\/circolodicultura.ch\/index.php\/wp-json\/wp\/v2\/tribe_events\/1059","targetHints":{"allow":["GET"]}}],"collection":[{"href":"https:\/\/circolodicultura.ch\/index.php\/wp-json\/wp\/v2\/tribe_events"}],"about":[{"href":"https:\/\/circolodicultura.ch\/index.php\/wp-json\/wp\/v2\/types\/tribe_events"}],"author":[{"embeddable":true,"href":"https:\/\/circolodicultura.ch\/index.php\/wp-json\/wp\/v2\/users\/3"}],"version-history":[{"count":2,"href":"https:\/\/circolodicultura.ch\/index.php\/wp-json\/wp\/v2\/tribe_events\/1059\/revisions"}],"predecessor-version":[{"id":1107,"href":"https:\/\/circolodicultura.ch\/index.php\/wp-json\/wp\/v2\/tribe_events\/1059\/revisions\/1107"}],"wp:attachment":[{"href":"https:\/\/circolodicultura.ch\/index.php\/wp-json\/wp\/v2\/media?parent=1059"}],"wp:term":[{"taxonomy":"post_tag","embeddable":true,"href":"https:\/\/circolodicultura.ch\/index.php\/wp-json\/wp\/v2\/tags?post=1059"},{"taxonomy":"tribe_events_cat","embeddable":true,"href":"https:\/\/circolodicultura.ch\/index.php\/wp-json\/wp\/v2\/tribe_events_cat?post=1059"}],"curies":[{"name":"wp","href":"https:\/\/api.w.org\/{rel}","templated":true}]}}