{"id":536,"date":"2025-04-23T14:15:52","date_gmt":"2025-04-23T12:15:52","guid":{"rendered":"https:\/\/circolodicultura.ch\/?post_type=tribe_events&#038;p=536"},"modified":"2025-11-28T18:57:29","modified_gmt":"2025-11-28T17:57:29","slug":"quattro-oratori-viscontei-solaro-lentate-sul-seveso-morchirolo-e-albizzate","status":"publish","type":"tribe_events","link":"https:\/\/circolodicultura.ch\/index.php\/event\/quattro-oratori-viscontei-solaro-lentate-sul-seveso-morchirolo-e-albizzate\/","title":{"rendered":"Quattro oratori viscontei: Solaro, Lentate sul Seveso, Mocchirolo e Albizzate"},"content":{"rendered":"<div  class=\"tribe-events-schedule tribe-clearfix\" >\n\t<p class=\"tribe-events-schedule__datetime\">\n\t\t<span class=\"tribe-events-schedule__date tribe-events-schedule__date--start\">\n\t\t\tMaggio 3, 2025\t\t<\/span>\n\n\t\t\t\t\t<span class=\"tribe-events-schedule__separator tribe-events-schedule__separator--date\">\n\t\t\t\t@\t\t\t<\/span>\n\t\t\t<span class=\"tribe-events-schedule__time tribe-events-schedule__time--start\">\n\t\t\t\t7:30\t\t\t<\/span>\n\t\t\n\t\t\t\t\t\t\t\t\t<span class=\"tribe-events-schedule__separator tribe-events-schedule__separator--time\">\n\t\t\t\t\t&#8211;\t\t\t\t<\/span>\n\t\t\t\n\t\t\t\t\t\t\t<span class=\"tribe-events-schedule__time tribe-events-schedule__time--end\">\n\t\t\t\t\t18:00\t\t\t\t<\/span>\n\t\t\t\n\t\t\t\t\t\t<\/p>\n<\/div>\n\n\n\n<p>Escursione guidata dalla storica dell&#8217;arte <strong>Vera Segre<\/strong><\/p>\n\n\n\n<p>I quattro oratori scelti rappresentano alcune delle testimonianze pi\u00f9 significative della cultura pittorica lombarda della seconda met\u00e0 del Trecento. Durante la gita scopriremo insieme le storie delle famiglie che li hanno edificati e dei santi da loro venerati, nonch\u00e9 opere pittoriche dai colori vivaci, di alta qualit\u00e0 e poco conosciute dal grande pubblico, perch\u00e9 dislocate in piccoli borghi compresi nel territorio fra Como, Varese e Milano.<\/p>\n\n\n<div  class=\"tribe-block tribe-block__event-price\" >\n\t\t\t<span class=\"tribe-block__event-price__cost\"> 80CHF &#8211; 95CHF <\/span>\n\t\t\t\t<span class=\"tribe-block__event-price__description\">viaggio, ingressi, visite guidate<\/span>\n\t<\/div>\n\n\n<a href=\"https:\/\/circolodicultura.ch\/wp-content\/uploads\/2025\/04\/Oratori-viscontei-03-05-25_compressed.pdf\" class=\"pdfemb-viewer\" style=\"\" data-width=\"max\" data-height=\"max\" data-toolbar=\"bottom\" data-toolbar-fixed=\"off\">Oratori-viscontei-03-05-25_compressed<\/a>\n\n<div  class=\"tribe-block tribe-block__organizer__details tribe-clearfix\" >\n\t<div class=\"tribe-block__organizer__title\">\n\t\t<h3>Circolo di Cultura Mendrisio<\/h3>\n\t<\/div>\n\t\t\t<\/div>\n\n\n<div  class=\"tribe-block tribe-block__venue tribe-clearfix\" >\n\t\n\t\t\n\t<\/div>\n\n\n\n\n\t<div  class=\"tribe-block tribe-block__events-link\" >\n\t\t<div class=\"tribe-events tribe-common\">\n\t\t\t<div class=\"tribe-events-c-subscribe-dropdown__container\">\n\t\t\t\t<div class=\"tribe-events-c-subscribe-dropdown\">\n\t\t\t\t\t<div class=\"tribe-common-c-btn-border tribe-events-c-subscribe-dropdown__button\">\n\t\t\t\t\t\t<svg\n\t class=\"tribe-common-c-svgicon tribe-common-c-svgicon--cal-export tribe-events-c-subscribe-dropdown__export-icon\" \taria-hidden=\"true\"\n\tviewBox=\"0 0 23 17\"\n\txmlns=\"http:\/\/www.w3.org\/2000\/svg\"\n>\n\t<path fill-rule=\"evenodd\" clip-rule=\"evenodd\" d=\"M.128.896V16.13c0 .211.145.383.323.383h15.354c.179 0 .323-.172.323-.383V.896c0-.212-.144-.383-.323-.383H.451C.273.513.128.684.128.896Zm16 6.742h-.901V4.679H1.009v10.729h14.218v-3.336h.901V7.638ZM1.01 1.614h14.218v2.058H1.009V1.614Z\" \/>\n\t<path d=\"M20.5 9.846H8.312M18.524 6.953l2.89 2.909-2.855 2.855\" stroke-width=\"1.2\" stroke-linecap=\"round\" stroke-linejoin=\"round\"\/>\n<\/svg>\n\t\t\t\t\t\t<button\n\t\t\t\t\t\t\tclass=\"tribe-events-c-subscribe-dropdown__button-text\"\n\t\t\t\t\t\t\taria-expanded=\"false\"\n\t\t\t\t\t\t\taria-controls=\"tribe-events-subscribe-dropdown-content\"\n\t\t\t\t\t\t\taria-label=\"View links to add events to your calendar\"\n\t\t\t\t\t\t>\n\t\t\t\t\t\t\tSalva nel tuo calendario\t\t\t\t\t\t<\/button>\n\t\t\t\t\t\t<svg\n\t class=\"tribe-common-c-svgicon tribe-common-c-svgicon--caret-down tribe-events-c-subscribe-dropdown__button-icon\" \taria-hidden=\"true\"\n\tviewBox=\"0 0 10 7\"\n\txmlns=\"http:\/\/www.w3.org\/2000\/svg\"\n>\n\t<path fill-rule=\"evenodd\" clip-rule=\"evenodd\" d=\"M1.008.609L5 4.6 8.992.61l.958.958L5 6.517.05 1.566l.958-.958z\" class=\"tribe-common-c-svgicon__svg-fill\"\/>\n<\/svg>\n\t\t\t\t\t<\/div>\n\t\t\t\t\t<div id=\"tribe-events-subscribe-dropdown-content\" class=\"tribe-events-c-subscribe-dropdown__content\">\n\t\t\t\t\t\t<ul class=\"tribe-events-c-subscribe-dropdown__list\">\n\t\t\t\t\t\t\t\t\t\t\t\t\t\t\t<li class=\"tribe-events-c-subscribe-dropdown__list-item tribe-events-c-subscribe-dropdown__list-item--gcal\">\n\t\t\t\t\t\t\t\t\t<a\n\t\t\t\t\t\t\t\t\t\thref=\"https:\/\/www.google.com\/calendar\/event?action=TEMPLATE&#038;dates=20250503T073000\/20250503T180000&#038;text=Quattro%20oratori%20viscontei%3A%20Solaro%2C%20Lentate%20sul%20Seveso%2C%20Mocchirolo%20e%20Albizzate&#038;details=%3Cp%3EEscursione+guidata+dalla+storica+dell%27arte+%3Cstrong%3EVera+Segre%3C%2Fstrong%3E%3C%2Fp%3E+%3Cp%3EI+quattro+oratori+scelti+rappresentano+alcune+delle+testimonianze+pi%C3%B9+significative+della+cultura+pittorica+lombarda+della+seconda+met%C3%A0+del+Trecento.+Durante+la+gita+scopriremo+insieme+le+storie+delle+famiglie+che+li+hanno+edificati+e+dei+santi+da+loro+venerati%2C+nonch%C3%A9+opere+pittoriche+dai+colori+vivaci%2C+di+alta+qualit%C3%A0+e+poco+conosciute+dal+grande+pubblico%2C+perch%C3%A9+dislocate+in+piccoli+borghi+compresi+nel+territorio+fra+Como%2C+Varese+e+Milano.%3C%2Fp%3E+&#038;trp=false&#038;ctz=Europe\/Rome&#038;sprop=website:https:\/\/circolodicultura.ch\"\n\t\t\t\t\t\t\t\t\t\tclass=\"tribe-events-c-subscribe-dropdown__list-item-link\"\n\t\t\t\t\t\t\t\t\t\ttarget=\"_blank\"\n\t\t\t\t\t\t\t\t\t\trel=\"noopener noreferrer nofollow noindex\"\n\t\t\t\t\t\t\t\t\t>\n\t\t\t\t\t\t\t\t\t\tGoogle Calendar\t\t\t\t\t\t\t\t\t<\/a>\n\t\t\t\t\t\t\t\t<\/li>\n\t\t\t\t\t\t\t\t\t\t\t\t\t\t\t<li class=\"tribe-events-c-subscribe-dropdown__list-item tribe-events-c-subscribe-dropdown__list-item--ical\">\n\t\t\t\t\t\t\t\t\t<a\n\t\t\t\t\t\t\t\t\t\thref=\"\"\n\t\t\t\t\t\t\t\t\t\tclass=\"tribe-events-c-subscribe-dropdown__list-item-link\"\n\t\t\t\t\t\t\t\t\t\ttarget=\"_blank\"\n\t\t\t\t\t\t\t\t\t\trel=\"noopener noreferrer nofollow noindex\"\n\t\t\t\t\t\t\t\t\t>\n\t\t\t\t\t\t\t\t\t\tiCalendar\t\t\t\t\t\t\t\t\t<\/a>\n\t\t\t\t\t\t\t\t<\/li>\n\t\t\t\t\t\t\t\t\t\t\t\t\t\t\t<li class=\"tribe-events-c-subscribe-dropdown__list-item tribe-events-c-subscribe-dropdown__list-item--outlook-365\">\n\t\t\t\t\t\t\t\t\t<a\n\t\t\t\t\t\t\t\t\t\thref=\"\"\n\t\t\t\t\t\t\t\t\t\tclass=\"tribe-events-c-subscribe-dropdown__list-item-link\"\n\t\t\t\t\t\t\t\t\t\ttarget=\"_blank\"\n\t\t\t\t\t\t\t\t\t\trel=\"noopener noreferrer nofollow noindex\"\n\t\t\t\t\t\t\t\t\t>\n\t\t\t\t\t\t\t\t\t\tOutlook 365\t\t\t\t\t\t\t\t\t<\/a>\n\t\t\t\t\t\t\t\t<\/li>\n\t\t\t\t\t\t\t\t\t\t\t\t\t\t\t<li class=\"tribe-events-c-subscribe-dropdown__list-item tribe-events-c-subscribe-dropdown__list-item--outlook-live\">\n\t\t\t\t\t\t\t\t\t<a\n\t\t\t\t\t\t\t\t\t\thref=\"\"\n\t\t\t\t\t\t\t\t\t\tclass=\"tribe-events-c-subscribe-dropdown__list-item-link\"\n\t\t\t\t\t\t\t\t\t\ttarget=\"_blank\"\n\t\t\t\t\t\t\t\t\t\trel=\"noopener noreferrer nofollow noindex\"\n\t\t\t\t\t\t\t\t\t>\n\t\t\t\t\t\t\t\t\t\tOutlook Live\t\t\t\t\t\t\t\t\t<\/a>\n\t\t\t\t\t\t\t\t<\/li>\n\t\t\t\t\t\t\t\t\t\t\t\t\t<\/ul>\n\t\t\t\t\t<\/div>\n\t\t\t\t<\/div>\n\t\t\t<\/div>\n\t\t<\/div>\n\t<\/div>\n\n","protected":false},"excerpt":{"rendered":"<p>Escursione guidata dalla storica dell&#8217;arte Vera Segre I quattro oratori scelti rappresentano alcune delle testimonianze pi\u00f9 significative della cultura pittorica lombarda della seconda met\u00e0 del Trecento. Durante la gita scopriremo&hellip;&nbsp;<a href=\"https:\/\/circolodicultura.ch\/index.php\/event\/quattro-oratori-viscontei-solaro-lentate-sul-seveso-morchirolo-e-albizzate\/\" rel=\"bookmark\">Leggi tutto &raquo;<span class=\"screen-reader-text\">Quattro oratori viscontei: Solaro, Lentate sul Seveso, Mocchirolo e Albizzate<\/span><\/a><\/p>\n","protected":false},"author":3,"featured_media":0,"template":"","meta":{"inline_featured_image":false,"_uag_custom_page_level_css":"","neve_meta_sidebar":"","neve_meta_container":"","neve_meta_enable_content_width":"","neve_meta_content_width":0,"neve_meta_title_alignment":"","neve_meta_author_avatar":"","neve_post_elements_order":"","neve_meta_disable_header":"","neve_meta_disable_footer":"","neve_meta_disable_title":"","_EventAllDay":false,"_EventTimezone":"Europe\/Rome","_EventStartDate":"2025-05-03 07:30:00","_EventEndDate":"2025-05-03 18:00:00","_EventStartDateUTC":"2025-05-03 05:30:00","_EventEndDateUTC":"2025-05-03 16:00:00","_EventShowMap":false,"_EventShowMapLink":false,"_EventURL":"","_EventCost":"80 - 95","_EventCostDescription":"","_EventCurrencySymbol":"CHF","_EventCurrencyCode":"CHF","_EventCurrencyPosition":"suffix","_EventDateTimeSeparator":"@","_EventTimeRangeSeparator":"-","_EventOrganizerID":[268],"_EventVenueID":[],"_OrganizerEmail":"","_OrganizerPhone":"","_OrganizerWebsite":"","_VenueAddress":"","_VenueCity":"","_VenueCountry":"","_VenueProvince":"","_VenueState":"","_VenueZip":"","_VenuePhone":"","_VenueURL":"","_VenueStateProvince":"","_VenueLat":"","_VenueLng":"","_VenueShowMap":false,"_VenueShowMapLink":false,"_tribe_events_status":"","_tribe_events_status_reason":"","footnotes":""},"tags":[],"tribe_events_cat":[],"class_list":["post-536","tribe_events","type-tribe_events","status-publish","hentry"],"yoast_head":"<!-- This site is optimized with the Yoast SEO plugin v27.5 - https:\/\/yoast.com\/product\/yoast-seo-wordpress\/ -->\n<title>Quattro oratori viscontei: Solaro, Lentate sul Seveso, Mocchirolo e Albizzate - Circolo di Cultura di Mendrisio e dintorni<\/title>\n<meta name=\"robots\" content=\"index, follow, max-snippet:-1, max-image-preview:large, max-video-preview:-1\" \/>\n<link rel=\"canonical\" href=\"https:\/\/circolodicultura.ch\/index.php\/event\/quattro-oratori-viscontei-solaro-lentate-sul-seveso-morchirolo-e-albizzate\/\" \/>\n<meta property=\"og:locale\" content=\"it_IT\" \/>\n<meta property=\"og:type\" content=\"article\" \/>\n<meta property=\"og:title\" content=\"Quattro oratori viscontei: Solaro, Lentate sul Seveso, Mocchirolo e Albizzate - Circolo di Cultura di Mendrisio e dintorni\" \/>\n<meta property=\"og:description\" content=\"Escursione guidata dalla storica dell&#8217;arte Vera Segre I quattro oratori scelti rappresentano alcune delle testimonianze pi\u00f9 significative della cultura pittorica lombarda della seconda met\u00e0 del Trecento. Durante la gita scopriremo&hellip;&nbsp;Leggi tutto &raquo;Quattro oratori viscontei: Solaro, Lentate sul Seveso, Mocchirolo e Albizzate\" \/>\n<meta property=\"og:url\" content=\"https:\/\/circolodicultura.ch\/index.php\/event\/quattro-oratori-viscontei-solaro-lentate-sul-seveso-morchirolo-e-albizzate\/\" \/>\n<meta property=\"og:site_name\" content=\"Circolo di Cultura di Mendrisio e dintorni\" \/>\n<meta property=\"article:modified_time\" content=\"2025-11-28T17:57:29+00:00\" \/>\n<meta name=\"twitter:card\" content=\"summary_large_image\" \/>\n<meta name=\"twitter:label1\" content=\"Tempo di lettura stimato\" \/>\n\t<meta name=\"twitter:data1\" content=\"1 minuto\" \/>\n<script type=\"application\/ld+json\" class=\"yoast-schema-graph\">{\"@context\":\"https:\\\/\\\/schema.org\",\"@graph\":[{\"@type\":\"WebPage\",\"@id\":\"https:\\\/\\\/circolodicultura.ch\\\/index.php\\\/event\\\/quattro-oratori-viscontei-solaro-lentate-sul-seveso-morchirolo-e-albizzate\\\/\",\"url\":\"https:\\\/\\\/circolodicultura.ch\\\/index.php\\\/event\\\/quattro-oratori-viscontei-solaro-lentate-sul-seveso-morchirolo-e-albizzate\\\/\",\"name\":\"Quattro oratori viscontei: Solaro, Lentate sul Seveso, Mocchirolo e Albizzate - Circolo di Cultura di Mendrisio e dintorni\",\"isPartOf\":{\"@id\":\"https:\\\/\\\/circolodicultura.ch\\\/#website\"},\"datePublished\":\"2025-04-23T12:15:52+00:00\",\"dateModified\":\"2025-11-28T17:57:29+00:00\",\"breadcrumb\":{\"@id\":\"https:\\\/\\\/circolodicultura.ch\\\/index.php\\\/event\\\/quattro-oratori-viscontei-solaro-lentate-sul-seveso-morchirolo-e-albizzate\\\/#breadcrumb\"},\"inLanguage\":\"it-IT\",\"potentialAction\":[{\"@type\":\"ReadAction\",\"target\":[\"https:\\\/\\\/circolodicultura.ch\\\/index.php\\\/event\\\/quattro-oratori-viscontei-solaro-lentate-sul-seveso-morchirolo-e-albizzate\\\/\"]}]},{\"@type\":\"BreadcrumbList\",\"@id\":\"https:\\\/\\\/circolodicultura.ch\\\/index.php\\\/event\\\/quattro-oratori-viscontei-solaro-lentate-sul-seveso-morchirolo-e-albizzate\\\/#breadcrumb\",\"itemListElement\":[{\"@type\":\"ListItem\",\"position\":1,\"name\":\"Home\",\"item\":\"https:\\\/\\\/circolodicultura.ch\\\/\"},{\"@type\":\"ListItem\",\"position\":2,\"name\":\"Eventi\",\"item\":\"https:\\\/\\\/circolodicultura.ch\\\/index.php\\\/events\\\/\"},{\"@type\":\"ListItem\",\"position\":3,\"name\":\"Quattro oratori viscontei: Solaro, Lentate sul Seveso, Mocchirolo e Albizzate\"}]},{\"@type\":\"WebSite\",\"@id\":\"https:\\\/\\\/circolodicultura.ch\\\/#website\",\"url\":\"https:\\\/\\\/circolodicultura.ch\\\/\",\"name\":\"Circolo di Cultura di Mendrisio e dintorni\",\"description\":\"circolodicultura.ch\",\"publisher\":{\"@id\":\"https:\\\/\\\/circolodicultura.ch\\\/#organization\"},\"potentialAction\":[{\"@type\":\"SearchAction\",\"target\":{\"@type\":\"EntryPoint\",\"urlTemplate\":\"https:\\\/\\\/circolodicultura.ch\\\/?s={search_term_string}\"},\"query-input\":{\"@type\":\"PropertyValueSpecification\",\"valueRequired\":true,\"valueName\":\"search_term_string\"}}],\"inLanguage\":\"it-IT\"},{\"@type\":\"Organization\",\"@id\":\"https:\\\/\\\/circolodicultura.ch\\\/#organization\",\"name\":\"Circolo di Cultura di Mendrisio e dintorni\",\"url\":\"https:\\\/\\\/circolodicultura.ch\\\/\",\"logo\":{\"@type\":\"ImageObject\",\"inLanguage\":\"it-IT\",\"@id\":\"https:\\\/\\\/circolodicultura.ch\\\/#\\\/schema\\\/logo\\\/image\\\/\",\"url\":\"https:\\\/\\\/circolodicultura.ch\\\/wp-content\\\/uploads\\\/2024\\\/10\\\/cropped-favicon.png\",\"contentUrl\":\"https:\\\/\\\/circolodicultura.ch\\\/wp-content\\\/uploads\\\/2024\\\/10\\\/cropped-favicon.png\",\"width\":512,\"height\":512,\"caption\":\"Circolo di Cultura di Mendrisio e dintorni\"},\"image\":{\"@id\":\"https:\\\/\\\/circolodicultura.ch\\\/#\\\/schema\\\/logo\\\/image\\\/\"}}]}<\/script>\n<!-- \/ Yoast SEO plugin. -->","yoast_head_json":{"title":"Quattro oratori viscontei: Solaro, Lentate sul Seveso, Mocchirolo e Albizzate - Circolo di Cultura di Mendrisio e dintorni","robots":{"index":"index","follow":"follow","max-snippet":"max-snippet:-1","max-image-preview":"max-image-preview:large","max-video-preview":"max-video-preview:-1"},"canonical":"https:\/\/circolodicultura.ch\/index.php\/event\/quattro-oratori-viscontei-solaro-lentate-sul-seveso-morchirolo-e-albizzate\/","og_locale":"it_IT","og_type":"article","og_title":"Quattro oratori viscontei: Solaro, Lentate sul Seveso, Mocchirolo e Albizzate - Circolo di Cultura di Mendrisio e dintorni","og_description":"Escursione guidata dalla storica dell&#8217;arte Vera Segre I quattro oratori scelti rappresentano alcune delle testimonianze pi\u00f9 significative della cultura pittorica lombarda della seconda met\u00e0 del Trecento. Durante la gita scopriremo&hellip;&nbsp;Leggi tutto &raquo;Quattro oratori viscontei: Solaro, Lentate sul Seveso, Mocchirolo e Albizzate","og_url":"https:\/\/circolodicultura.ch\/index.php\/event\/quattro-oratori-viscontei-solaro-lentate-sul-seveso-morchirolo-e-albizzate\/","og_site_name":"Circolo di Cultura di Mendrisio e dintorni","article_modified_time":"2025-11-28T17:57:29+00:00","twitter_card":"summary_large_image","twitter_misc":{"Tempo di lettura stimato":"1 minuto"},"schema":{"@context":"https:\/\/schema.org","@graph":[{"@type":"WebPage","@id":"https:\/\/circolodicultura.ch\/index.php\/event\/quattro-oratori-viscontei-solaro-lentate-sul-seveso-morchirolo-e-albizzate\/","url":"https:\/\/circolodicultura.ch\/index.php\/event\/quattro-oratori-viscontei-solaro-lentate-sul-seveso-morchirolo-e-albizzate\/","name":"Quattro oratori viscontei: Solaro, Lentate sul Seveso, Mocchirolo e Albizzate - Circolo di Cultura di Mendrisio e dintorni","isPartOf":{"@id":"https:\/\/circolodicultura.ch\/#website"},"datePublished":"2025-04-23T12:15:52+00:00","dateModified":"2025-11-28T17:57:29+00:00","breadcrumb":{"@id":"https:\/\/circolodicultura.ch\/index.php\/event\/quattro-oratori-viscontei-solaro-lentate-sul-seveso-morchirolo-e-albizzate\/#breadcrumb"},"inLanguage":"it-IT","potentialAction":[{"@type":"ReadAction","target":["https:\/\/circolodicultura.ch\/index.php\/event\/quattro-oratori-viscontei-solaro-lentate-sul-seveso-morchirolo-e-albizzate\/"]}]},{"@type":"BreadcrumbList","@id":"https:\/\/circolodicultura.ch\/index.php\/event\/quattro-oratori-viscontei-solaro-lentate-sul-seveso-morchirolo-e-albizzate\/#breadcrumb","itemListElement":[{"@type":"ListItem","position":1,"name":"Home","item":"https:\/\/circolodicultura.ch\/"},{"@type":"ListItem","position":2,"name":"Eventi","item":"https:\/\/circolodicultura.ch\/index.php\/events\/"},{"@type":"ListItem","position":3,"name":"Quattro oratori viscontei: Solaro, Lentate sul Seveso, Mocchirolo e Albizzate"}]},{"@type":"WebSite","@id":"https:\/\/circolodicultura.ch\/#website","url":"https:\/\/circolodicultura.ch\/","name":"Circolo di Cultura di Mendrisio e dintorni","description":"circolodicultura.ch","publisher":{"@id":"https:\/\/circolodicultura.ch\/#organization"},"potentialAction":[{"@type":"SearchAction","target":{"@type":"EntryPoint","urlTemplate":"https:\/\/circolodicultura.ch\/?s={search_term_string}"},"query-input":{"@type":"PropertyValueSpecification","valueRequired":true,"valueName":"search_term_string"}}],"inLanguage":"it-IT"},{"@type":"Organization","@id":"https:\/\/circolodicultura.ch\/#organization","name":"Circolo di Cultura di Mendrisio e dintorni","url":"https:\/\/circolodicultura.ch\/","logo":{"@type":"ImageObject","inLanguage":"it-IT","@id":"https:\/\/circolodicultura.ch\/#\/schema\/logo\/image\/","url":"https:\/\/circolodicultura.ch\/wp-content\/uploads\/2024\/10\/cropped-favicon.png","contentUrl":"https:\/\/circolodicultura.ch\/wp-content\/uploads\/2024\/10\/cropped-favicon.png","width":512,"height":512,"caption":"Circolo di Cultura di Mendrisio e dintorni"},"image":{"@id":"https:\/\/circolodicultura.ch\/#\/schema\/logo\/image\/"}}]}},"uagb_featured_image_src":{"full":false,"thumbnail":false,"medium":false,"medium_large":false,"large":false,"1536x1536":false,"2048x2048":false,"neve-blog":false},"uagb_author_info":{"display_name":"admin_circolo","author_link":"https:\/\/circolodicultura.ch\/index.php\/author\/admin_circolo\/"},"uagb_comment_info":0,"uagb_excerpt":"Escursione guidata dalla storica dell&#8217;arte Vera Segre I quattro oratori scelti rappresentano alcune delle testimonianze pi\u00f9 significative della cultura pittorica lombarda della seconda met\u00e0 del Trecento. Durante la gita scopriremo&hellip;&nbsp;Leggi tutto &raquo;Quattro oratori viscontei: Solaro, Lentate sul Seveso, Mocchirolo e Albizzate","jetpack_sharing_enabled":true,"_links":{"self":[{"href":"https:\/\/circolodicultura.ch\/index.php\/wp-json\/wp\/v2\/tribe_events\/536","targetHints":{"allow":["GET"]}}],"collection":[{"href":"https:\/\/circolodicultura.ch\/index.php\/wp-json\/wp\/v2\/tribe_events"}],"about":[{"href":"https:\/\/circolodicultura.ch\/index.php\/wp-json\/wp\/v2\/types\/tribe_events"}],"author":[{"embeddable":true,"href":"https:\/\/circolodicultura.ch\/index.php\/wp-json\/wp\/v2\/users\/3"}],"version-history":[{"count":4,"href":"https:\/\/circolodicultura.ch\/index.php\/wp-json\/wp\/v2\/tribe_events\/536\/revisions"}],"predecessor-version":[{"id":1151,"href":"https:\/\/circolodicultura.ch\/index.php\/wp-json\/wp\/v2\/tribe_events\/536\/revisions\/1151"}],"wp:attachment":[{"href":"https:\/\/circolodicultura.ch\/index.php\/wp-json\/wp\/v2\/media?parent=536"}],"wp:term":[{"taxonomy":"post_tag","embeddable":true,"href":"https:\/\/circolodicultura.ch\/index.php\/wp-json\/wp\/v2\/tags?post=536"},{"taxonomy":"tribe_events_cat","embeddable":true,"href":"https:\/\/circolodicultura.ch\/index.php\/wp-json\/wp\/v2\/tribe_events_cat?post=536"}],"curies":[{"name":"wp","href":"https:\/\/api.w.org\/{rel}","templated":true}]}}